{"id":83058,"date":"2022-08-11T23:43:41","date_gmt":"2022-08-11T21:43:41","guid":{"rendered":"https:\/\/www.kolibica.com\/gradja-svojstva-i-upotrebljivost-domacih-vrsta-drveta\/"},"modified":"2022-08-12T15:10:54","modified_gmt":"2022-08-12T13:10:54","slug":"strukturelle-eigenschaften-und-verwendbarkeit-heimischer-holzarten","status":"publish","type":"page","link":"https:\/\/www.kolibica.com\/de\/strukturelle-eigenschaften-und-verwendbarkeit-heimischer-holzarten\/","title":{"rendered":"EIGENSCHAFTEN VON HOLZ"},"content":{"rendered":"<p><div class=\"fusion-fullwidth fullwidth-box fusion-builder-row-1 fusion-flex-container nonhundred-percent-fullwidth non-hundred-percent-height-scrolling\" style=\"--awb-border-radius-top-left:0px;--awb-border-radius-top-right:0px;--awb-border-radius-bottom-right:0px;--awb-border-radius-bottom-left:0px;--awb-flex-wrap:wrap;\" ><div class=\"fusion-builder-row fusion-row fusion-flex-align-items-flex-start fusion-flex-content-wrap\" style=\"max-width:1248px;margin-left: calc(-4% \/ 2 );margin-right: calc(-4% \/ 2 );\"><div class=\"fusion-layout-column fusion_builder_column fusion-builder-column-0 fusion_builder_column_1_1 1_1 fusion-flex-column\" style=\"--awb-bg-size:cover;--awb-width-large:100%;--awb-margin-top-large:0px;--awb-spacing-right-large:1.92%;--awb-margin-bottom-large:20px;--awb-spacing-left-large:1.92%;--awb-width-medium:100%;--awb-order-medium:0;--awb-spacing-right-medium:1.92%;--awb-spacing-left-medium:1.92%;--awb-width-small:100%;--awb-order-small:0;--awb-spacing-right-small:1.92%;--awb-spacing-left-small:1.92%;\"><div class=\"fusion-column-wrapper fusion-column-has-shadow fusion-flex-justify-content-flex-start fusion-content-layout-column\"><div class=\"fusion-text fusion-text-1\"><h1 class=\"entry-title\" style=\"text-align: center;\">GEB\u00c4UDEIMMOBILIEN UND NUTZBARKEIT<br \/>\nH\u00c4USLICHE HOLZARTEN<\/h1>\n<\/div><div class=\"fusion-separator fusion-full-width-sep\" style=\"align-self: center;margin-left: auto;margin-right: auto;margin-top:30px;margin-bottom:30px;width:100%;\"><div class=\"fusion-separator-border sep-double\" style=\"--awb-height:20px;--awb-amount:20px;border-color:var(--awb-color3);border-top-width:1px;border-bottom-width:1px;\"><\/div><\/div><div class=\"fusion-text fusion-text-2\"><p>Mehrere tausend Geh\u00f6lze, die sich in botanischen, histologischen und technologischen Merkmalen voneinander unterscheiden, bieten unbegrenzte M\u00f6glichkeiten f\u00fcr die wissenschaftliche Forschung auf diesem Gebiet. Trotzdem f\u00fchrten die fehlenden Mittel und das fehlende wirtschaftliche Interesse dazu, dass von anatomischer und teilweise technologischer Seite bisher etwas mehr als 250 Holzarten verarbeitet wurden, von denen etwa 50 Holzarten wirtschaftlicher sind Bedeutung. Auf botanischer Seite ist die Zahl der erforschten und sogar systematisch bis ins kleinste Detail bearbeiteten Holzarten weit h\u00f6her.<\/p>\n<\/div><div class=\"fusion-text fusion-text-3\"><p>In unserem Land gibt es etwa 20 Holzarten von industrieller Bedeutung, von denen nur wenige wichtiger sind. Zu den wichtigsten einheimischen Holzarten z\u00e4hlen: Buche, Eiche, Fichte, Tanne und Kiefer. Es gibt weniger andere Arten, daher ist ihre wirtschaftliche Bedeutung geringer.<\/p>\n<\/div><div class=\"fusion-text fusion-text-4\"><p>F\u00fcr eine genauere Einf\u00fchrung in heimische Nadel- und Laubholzarten geben wir einen \u00dcberblick \u00fcber Daten zu Aufbau, Eigenschaften und industrieller Verwertbarkeit der wichtigsten Holzarten unseres Landes.<\/p>\n<\/div><div class=\"fusion-separator fusion-full-width-sep\" style=\"align-self: center;margin-left: auto;margin-right: auto;margin-top:60px;width:100%;\"><\/div><\/div><\/div><\/div><\/div><div class=\"fusion-fullwidth fullwidth-box fusion-builder-row-2 fusion-flex-container has-pattern-background has-mask-background nonhundred-percent-fullwidth non-hundred-percent-height-scrolling\" style=\"--awb-border-radius-top-left:0px;--awb-border-radius-top-right:0px;--awb-border-radius-bottom-right:0px;--awb-border-radius-bottom-left:0px;--awb-flex-wrap:wrap;\" ><div class=\"fusion-builder-row fusion-row fusion-flex-align-items-flex-start fusion-flex-content-wrap\" style=\"max-width:1248px;margin-left: calc(-4% \/ 2 );margin-right: calc(-4% \/ 2 );\"><div class=\"fusion-layout-column fusion_builder_column fusion-builder-column-1 fusion_builder_column_1_1 1_1 fusion-flex-column\" style=\"--awb-bg-size:cover;--awb-width-large:100%;--awb-margin-top-large:0px;--awb-spacing-right-large:1.92%;--awb-margin-bottom-large:20px;--awb-spacing-left-large:1.92%;--awb-width-medium:100%;--awb-order-medium:0;--awb-spacing-right-medium:1.92%;--awb-spacing-left-medium:1.92%;--awb-width-small:100%;--awb-order-small:0;--awb-spacing-right-small:1.92%;--awb-spacing-left-small:1.92%;\"><div class=\"fusion-column-wrapper fusion-column-has-shadow fusion-flex-justify-content-flex-start fusion-content-layout-column\"><div class=\"fusion-text fusion-text-5\"><h2 class=\"entry-title\" style=\"text-align: center;\">TECHNISCHE EIGENSCHAFTEN VON HOLZ<\/h2>\n<\/div><\/div><\/div><\/div><\/div><div class=\"fusion-fullwidth fullwidth-box fusion-builder-row-3 fusion-flex-container nonhundred-percent-fullwidth non-hundred-percent-height-scrolling\" style=\"--awb-border-radius-top-left:0px;--awb-border-radius-top-right:0px;--awb-border-radius-bottom-right:0px;--awb-border-radius-bottom-left:0px;--awb-flex-wrap:wrap;\" ><div class=\"fusion-builder-row fusion-row fusion-flex-align-items-flex-start fusion-flex-content-wrap\" style=\"max-width:1248px;margin-left: calc(-4% \/ 2 );margin-right: calc(-4% \/ 2 );\"><div class=\"fusion-layout-column fusion_builder_column fusion-builder-column-2 fusion_builder_column_1_1 1_1 fusion-flex-column\" style=\"--awb-bg-size:cover;--awb-width-large:100%;--awb-margin-top-large:0px;--awb-spacing-right-large:1.92%;--awb-margin-bottom-large:20px;--awb-spacing-left-large:1.92%;--awb-width-medium:100%;--awb-order-medium:0;--awb-spacing-right-medium:1.92%;--awb-spacing-left-medium:1.92%;--awb-width-small:100%;--awb-order-small:0;--awb-spacing-right-small:1.92%;--awb-spacing-left-small:1.92%;\"><div class=\"fusion-column-wrapper fusion-column-has-shadow fusion-flex-justify-content-flex-start fusion-content-layout-column\"><div class=\"fusion-text fusion-text-6\"><h3><strong>PAPPEL (<em>Populus nigra L.<\/em>)<\/strong><\/h3>\n<\/div><div class=\"fusion-builder-row fusion-builder-row-inner fusion-row fusion-flex-align-items-flex-start fusion-flex-content-wrap\" style=\"--awb-flex-grow:0;--awb-flex-grow-medium:0;--awb-flex-grow-small:0;--awb-flex-shrink:0;--awb-flex-shrink-medium:0;--awb-flex-shrink-small:0;width:104% !important;max-width:104% !important;margin-left: calc(-4% \/ 2 );margin-right: calc(-4% \/ 2 );\"><div class=\"fusion-layout-column fusion_builder_column_inner fusion-builder-nested-column-0 fusion_builder_column_inner_1_3 1_3 fusion-flex-column\" style=\"--awb-bg-size:cover;--awb-width-large:33.333333333333%;--awb-margin-top-large:0px;--awb-spacing-right-large:5.76%;--awb-margin-bottom-large:20px;--awb-spacing-left-large:5.76%;--awb-width-medium:33.333333333333%;--awb-order-medium:0;--awb-spacing-right-medium:5.76%;--awb-spacing-left-medium:5.76%;--awb-width-small:100%;--awb-order-small:0;--awb-spacing-right-small:1.92%;--awb-spacing-left-small:1.92%;\"><div class=\"fusion-column-wrapper fusion-column-has-shadow fusion-flex-justify-content-flex-start fusion-content-layout-column\"><div class=\"fusion-image-element \" style=\"--awb-caption-title-font-family:var(--h2_typography-font-family);--awb-caption-title-font-weight:var(--h2_typography-font-weight);--awb-caption-title-font-style:var(--h2_typography-font-style);--awb-caption-title-size:var(--h2_typography-font-size);--awb-caption-title-transform:var(--h2_typography-text-transform);--awb-caption-title-line-height:var(--h2_typography-line-height);--awb-caption-title-letter-spacing:var(--h2_typography-letter-spacing);\"><span class=\" fusion-imageframe imageframe-none imageframe-1 hover-type-zoomin\"><img decoding=\"async\" width=\"220\" height=\"300\" alt=\"topola-drvo-01\" title=\"topola-drvo-01\" src=\"https:\/\/www.kolibica.com\/wp-content\/uploads\/2012\/12\/topola-drvo-01.jpg\" data-orig-src=\"https:\/\/www.kolibica.com\/wp-content\/uploads\/2012\/12\/topola-drvo-01.jpg\" class=\"lazyload img-responsive wp-image-81279\" srcset=\"data:image\/svg+xml,%3Csvg%20xmlns%3D%27http%3A%2F%2Fwww.w3.org%2F2000%2Fsvg%27%20width%3D%27220%27%20height%3D%27300%27%20viewBox%3D%270%200%20220%20300%27%3E%3Crect%20width%3D%27220%27%20height%3D%27300%27%20fill-opacity%3D%220%22%2F%3E%3C%2Fsvg%3E\" data-srcset=\"https:\/\/www.kolibica.com\/wp-content\/uploads\/2012\/12\/topola-drvo-01-200x273.jpg 200w, https:\/\/www.kolibica.com\/wp-content\/uploads\/2012\/12\/topola-drvo-01.jpg 220w\" data-sizes=\"auto\" data-orig-sizes=\"(max-width: 640px) 100vw, 220px\" \/><\/span><\/div><\/div><\/div><div class=\"fusion-layout-column fusion_builder_column_inner fusion-builder-nested-column-1 fusion_builder_column_inner_2_3 2_3 fusion-flex-column\" style=\"--awb-bg-size:cover;--awb-width-large:66.666666666667%;--awb-margin-top-large:0px;--awb-spacing-right-large:2.88%;--awb-margin-bottom-large:20px;--awb-spacing-left-large:2.88%;--awb-width-medium:66.666666666667%;--awb-order-medium:0;--awb-spacing-right-medium:2.88%;--awb-spacing-left-medium:2.88%;--awb-width-small:100%;--awb-order-small:0;--awb-spacing-right-small:1.92%;--awb-spacing-left-small:1.92%;\"><div class=\"fusion-column-wrapper fusion-column-has-shadow fusion-flex-justify-content-flex-start fusion-content-layout-column\"><div class=\"fusion-text fusion-text-7\"><p>Das Verbreitungsgebiet der Schwarzpappel liegt in Europa, den ehemaligen L\u00e4ndern der UdSSR, der T\u00fcrkei, Nordafrika und Indien.<\/p>\n<p>Die Pappel wird etwa 30 m hoch. Die Krone ist sp\u00e4rlich, breit und mit vielen \u00c4sten. Die Rinde junger B\u00e4ume ist glatt und hellgrau, rei\u00dft sp\u00e4ter l\u00e4ngs auf und nimmt eine dunkelgraue Farbe an. Die Dicke der Rinde betr\u00e4gt bis zu 12 cm und ihr Anteil betr\u00e4gt etwa 12,6% des Baumvolumens. Die Dichte der Rinde betr\u00e4gt etwa 412 kg\/m3. Die Stamml\u00e4nge der Schwarzpappel betr\u00e4gt bis zu 15 m, der Brustdurchmesser bis zu etwa 1 m.<\/p>\n<p>Die Schwarzpappel geh\u00f6rt zu den Segelbaumarten. Der Splint ist wei\u00df-gelblich und breit. Das Kernholz ist gelb bis rotbraun. Wachstumsringe sind kaum sichtbar. Die Tracheen sind diffus und por\u00f6s verteilt. Die Holzleisten sind niedrig, d\u00fcnn und homogen.<\/p>\n<\/div><\/div><\/div><\/div><div class=\"accordian fusion-accordian\" style=\"--awb-border-size:1px;--awb-icon-size:16px;--awb-content-font-size:var(--awb-typography4-font-size);--awb-icon-alignment:left;--awb-hover-color:var(--awb-color2);--awb-border-color:var(--awb-color3);--awb-background-color:var(--awb-color1);--awb-divider-color:var(--awb-color3);--awb-divider-hover-color:var(--awb-color3);--awb-icon-color:var(--awb-color1);--awb-title-color:var(--awb-color8);--awb-content-color:var(--awb-color8);--awb-icon-box-color:var(--awb-color8);--awb-toggle-hover-accent-color:var(--awb-color5);--awb-title-font-family:var(--awb-typography1-font-family);--awb-title-font-weight:var(--awb-typography1-font-weight);--awb-title-font-style:var(--awb-typography1-font-style);--awb-title-font-size:24px;--awb-content-font-family:var(--awb-typography4-font-family);--awb-content-font-weight:var(--awb-typography4-font-weight);--awb-content-font-style:var(--awb-typography4-font-style);\"><div class=\"panel-group fusion-toggle-icon-boxed\" id=\"accordion-83058-1\"><div class=\"fusion-panel panel-default panel-6ac0fd9bf6058ce7c fusion-toggle-has-divider\" style=\"--awb-title-color:var(--awb-color8);--awb-content-color:var(--awb-color8);\"><div class=\"panel-heading\"><h4 class=\"panel-title toggle\" id=\"toggle_6ac0fd9bf6058ce7c\"><a aria-expanded=\"false\" aria-controls=\"6ac0fd9bf6058ce7c\" role=\"button\" data-toggle=\"collapse\" data-target=\"#6ac0fd9bf6058ce7c\" href=\"#6ac0fd9bf6058ce7c\"><span class=\"fusion-toggle-icon-wrapper\" aria-hidden=\"true\"><i class=\"fa-fusion-box active-icon fa-caret-up fas\" aria-hidden=\"true\"><\/i><i class=\"fa-fusion-box inactive-icon fa-caret-down fas\" aria-hidden=\"true\"><\/i><\/span><span class=\"fusion-toggle-heading\">Weiterlesen<\/span><\/a><\/h4><\/div><div id=\"6ac0fd9bf6058ce7c\" class=\"panel-collapse collapse \" aria-labelledby=\"toggle_6ac0fd9bf6058ce7c\"><div class=\"panel-body toggle-content fusion-clearfix\">\n<p>Die Dichte von Schwarzpappelholz betr\u00e4gt im absolut trockenen Zustand &#8211; 490, im getrockneten Zustand &#8211; 450 und roh 750 kg\/m3. Der Volumenanteil der Poren betr\u00e4gt ca. 73 %. Die linearen Gesamtspannungen von Holz betragen: axial 0,3 %, radial 3,3 bis 5,2 % und tangential 7,1 bis 9,8 %. Das Gesamtvolumengewicht der Pappel variiert zwischen 10,7 und 14,3 % und das spezifische Volumengewicht zwischen 0,36 und 0,48 %.<\/p>\n<p>Pappelholz l\u00e4sst sich gut bearbeiten, die optimale Bearbeitungsgeschwindigkeit liegt bei ca. 40 m\/s. Es raspelt, schneidet, sch\u00e4lt und hackt gut. Es trocknet gut, ist aber aufgrund des Vorhandenseins von Reaktionsholz anf\u00e4llig f\u00fcr Verformungen. Die Oberfl\u00e4che ist gut verarbeitet, aber schlecht lackiert. Pappelholz wird zur Herstellung von Furnieren, Sperrholz, Bauplatten, als Massivholz f\u00fcr die M\u00f6belherstellung und f\u00fcr den Innenausbau von Geb\u00e4uden verwendet. Sein besonderer Zweck ist die Herstellung von Hackschnitzeln f\u00fcr Fasern, Papier und Zellulose, Holzwolle usw. Es wird zur Herstellung von Holzkisten f\u00fcr Obst und Gem\u00fcse sowie zur Herstellung von Transportverpackungen verwendet.<\/p>\n<\/div><\/div><\/div><\/div><\/div><div class=\"fusion-separator fusion-full-width-sep\" style=\"align-self: center;margin-left: auto;margin-right: auto;flex-grow:10;margin-bottom:40px;width:100%;\"><div class=\"fusion-separator-border sep-single sep-solid\" style=\"--awb-height:20px;--awb-amount:20px;--awb-sep-color:rgba(30,15,5,0.87);border-color:rgba(30,15,5,0.87);border-top-width:1px;\"><\/div><\/div><\/div><\/div><\/div><\/div><div class=\"fusion-fullwidth fullwidth-box fusion-builder-row-4 fusion-flex-container nonhundred-percent-fullwidth non-hundred-percent-height-scrolling\" style=\"--awb-border-radius-top-left:0px;--awb-border-radius-top-right:0px;--awb-border-radius-bottom-right:0px;--awb-border-radius-bottom-left:0px;--awb-flex-wrap:wrap;\" ><div class=\"fusion-builder-row fusion-row fusion-flex-align-items-flex-start fusion-flex-content-wrap\" style=\"max-width:1248px;margin-left: calc(-4% \/ 2 );margin-right: calc(-4% \/ 2 );\"><div class=\"fusion-layout-column fusion_builder_column fusion-builder-column-3 fusion_builder_column_1_1 1_1 fusion-flex-column\" style=\"--awb-bg-size:cover;--awb-width-large:100%;--awb-margin-top-large:0px;--awb-spacing-right-large:1.92%;--awb-margin-bottom-large:20px;--awb-spacing-left-large:1.92%;--awb-width-medium:100%;--awb-order-medium:0;--awb-spacing-right-medium:1.92%;--awb-spacing-left-medium:1.92%;--awb-width-small:100%;--awb-order-small:0;--awb-spacing-right-small:1.92%;--awb-spacing-left-small:1.92%;\"><div class=\"fusion-column-wrapper fusion-column-has-shadow fusion-flex-justify-content-flex-start fusion-content-layout-column\"><div class=\"fusion-text fusion-text-8\"><h3><strong>BR\u00dcSTE (<em>Ulmus carpinifolia Gle.<\/em>)<\/strong><\/h3>\n<\/div><div class=\"fusion-builder-row fusion-builder-row-inner fusion-row fusion-flex-align-items-flex-start fusion-flex-content-wrap\" style=\"--awb-flex-grow:0;--awb-flex-grow-medium:0;--awb-flex-grow-small:0;--awb-flex-shrink:0;--awb-flex-shrink-medium:0;--awb-flex-shrink-small:0;width:104% !important;max-width:104% !important;margin-left: calc(-4% \/ 2 );margin-right: calc(-4% \/ 2 );\"><div class=\"fusion-layout-column fusion_builder_column_inner fusion-builder-nested-column-2 fusion_builder_column_inner_1_3 1_3 fusion-flex-column\" style=\"--awb-bg-size:cover;--awb-width-large:33.333333333333%;--awb-margin-top-large:0px;--awb-spacing-right-large:5.76%;--awb-margin-bottom-large:20px;--awb-spacing-left-large:5.76%;--awb-width-medium:33.333333333333%;--awb-order-medium:0;--awb-spacing-right-medium:5.76%;--awb-spacing-left-medium:5.76%;--awb-width-small:100%;--awb-order-small:0;--awb-spacing-right-small:1.92%;--awb-spacing-left-small:1.92%;\"><div class=\"fusion-column-wrapper fusion-column-has-shadow fusion-flex-justify-content-flex-start fusion-content-layout-column\"><div class=\"fusion-image-element \" style=\"--awb-caption-title-font-family:var(--h2_typography-font-family);--awb-caption-title-font-weight:var(--h2_typography-font-weight);--awb-caption-title-font-style:var(--h2_typography-font-style);--awb-caption-title-size:var(--h2_typography-font-size);--awb-caption-title-transform:var(--h2_typography-text-transform);--awb-caption-title-line-height:var(--h2_typography-line-height);--awb-caption-title-letter-spacing:var(--h2_typography-letter-spacing);\"><span class=\" fusion-imageframe imageframe-none imageframe-2 hover-type-zoomin\"><img decoding=\"async\" width=\"220\" height=\"300\" title=\"brest-drvo-01\" src=\"https:\/\/www.kolibica.com\/wp-content\/uploads\/2012\/12\/brest-drvo-01.jpg\" data-orig-src=\"https:\/\/www.kolibica.com\/wp-content\/uploads\/2012\/12\/brest-drvo-01.jpg\" alt class=\"lazyload img-responsive wp-image-78379\" srcset=\"data:image\/svg+xml,%3Csvg%20xmlns%3D%27http%3A%2F%2Fwww.w3.org%2F2000%2Fsvg%27%20width%3D%27220%27%20height%3D%27300%27%20viewBox%3D%270%200%20220%20300%27%3E%3Crect%20width%3D%27220%27%20height%3D%27300%27%20fill-opacity%3D%220%22%2F%3E%3C%2Fsvg%3E\" data-srcset=\"https:\/\/www.kolibica.com\/wp-content\/uploads\/2012\/12\/brest-drvo-01-200x273.jpg 200w, https:\/\/www.kolibica.com\/wp-content\/uploads\/2012\/12\/brest-drvo-01.jpg 220w\" data-sizes=\"auto\" data-orig-sizes=\"(max-width: 640px) 100vw, 220px\" \/><\/span><\/div><\/div><\/div><div class=\"fusion-layout-column fusion_builder_column_inner fusion-builder-nested-column-3 fusion_builder_column_inner_2_3 2_3 fusion-flex-column\" style=\"--awb-bg-size:cover;--awb-width-large:66.666666666667%;--awb-margin-top-large:0px;--awb-spacing-right-large:2.88%;--awb-margin-bottom-large:20px;--awb-spacing-left-large:2.88%;--awb-width-medium:66.666666666667%;--awb-order-medium:0;--awb-spacing-right-medium:2.88%;--awb-spacing-left-medium:2.88%;--awb-width-small:100%;--awb-order-small:0;--awb-spacing-right-small:1.92%;--awb-spacing-left-small:1.92%;\"><div class=\"fusion-column-wrapper fusion-column-has-shadow fusion-flex-justify-content-flex-start fusion-content-layout-column\"><div class=\"fusion-text fusion-text-9\"><p>Polnische Ulme ist in Mittel-, S\u00fcd- und Westeuropa, Nordafrika und Westasien weit verbreitet. Die H\u00f6henverteilung der Ulme reicht in den Schweizer Alpen von 700 m\/\u00fc.M. bis etwa 1300 m\/\u00fc.M.<\/p>\n<p>Die Ulme ist ein Laubbaum mit einer Stammh\u00f6he von 20 bis 30 m, einer Stamml\u00e4nge von bis zu 10 m und einem durchschnittlichen Stammdurchmesser von 0,5 bis 2 m. Die Krone des Baumes ist breit, mit vielen gro\u00dfen \u00c4sten, von denen die oberen aufrecht und die unteren leicht abgesenkt sind. Die Rinde des Stammes bricht recht fr\u00fch auf. Bei alten B\u00e4umen ist die Rinde dunkelgraubraun, l\u00e4ngsgefurcht. Der Volumenanteil der Rinde betr\u00e4gt ca. 15,6 %, die Dichte ca. 400 kg\/m3.<\/p>\n<p>Ulmenholz ist faserig, Splint gelblichwei\u00df bis schmutziggelb und schmal. Das Kernholz ist braunrot bis dunkelbraun. Wachstumsringe sind auff\u00e4llig. Luftr\u00f6hren sind ringf\u00f6rmig. Der Farbkontrast zwischen Fr\u00fch- und Sp\u00e4tholz ist gro\u00df. Die Holzleisten sind homogen und winkelm\u00e4\u00dfig nicht sichtbar.<\/p>\n<\/div><\/div><\/div><\/div><div class=\"accordian fusion-accordian\" style=\"--awb-border-size:1px;--awb-icon-size:16px;--awb-content-font-size:var(--awb-typography4-font-size);--awb-icon-alignment:left;--awb-hover-color:var(--awb-color2);--awb-border-color:var(--awb-color3);--awb-background-color:var(--awb-color1);--awb-divider-color:var(--awb-color3);--awb-divider-hover-color:var(--awb-color3);--awb-icon-color:var(--awb-color1);--awb-title-color:var(--awb-color8);--awb-content-color:var(--awb-color8);--awb-icon-box-color:var(--awb-color8);--awb-toggle-hover-accent-color:var(--awb-color5);--awb-title-font-family:var(--awb-typography1-font-family);--awb-title-font-weight:var(--awb-typography1-font-weight);--awb-title-font-style:var(--awb-typography1-font-style);--awb-title-font-size:24px;--awb-content-font-family:var(--awb-typography4-font-family);--awb-content-font-weight:var(--awb-typography4-font-weight);--awb-content-font-style:var(--awb-typography4-font-style);\"><div class=\"panel-group fusion-toggle-icon-boxed\" id=\"accordion-83058-2\"><div class=\"fusion-panel panel-default panel-cb009d6ab897d3fc0 fusion-toggle-has-divider\" style=\"--awb-title-color:var(--awb-color8);--awb-content-color:var(--awb-color8);\"><div class=\"panel-heading\"><h4 class=\"panel-title toggle\" id=\"toggle_cb009d6ab897d3fc0\"><a aria-expanded=\"false\" aria-controls=\"cb009d6ab897d3fc0\" role=\"button\" data-toggle=\"collapse\" data-target=\"#cb009d6ab897d3fc0\" href=\"#cb009d6ab897d3fc0\"><span class=\"fusion-toggle-icon-wrapper\" aria-hidden=\"true\"><i class=\"fa-fusion-box active-icon fa-caret-up fas\" aria-hidden=\"true\"><\/i><i class=\"fa-fusion-box inactive-icon fa-caret-down fas\" aria-hidden=\"true\"><\/i><\/span><span class=\"fusion-toggle-heading\">Weiterlesen<\/span><\/a><\/h4><\/div><div id=\"cb009d6ab897d3fc0\" class=\"panel-collapse collapse \" aria-labelledby=\"toggle_cb009d6ab897d3fc0\"><div class=\"panel-body toggle-content fusion-clearfix\">\n<p>Die Dichte von Ulmenholz betr\u00e4gt: im absolut trockenen Zustand 440 bis 820, durchschnittlich etwa 640 kg\/m3, im getrockneten Zustand 480 bis 850, durchschnittlich 680 kg\/m3 und im feuchten Rohzustand 750 bis 1050 kg \/m3, durchschnittlich 850 kg\/m3 m3. Die Volumenporosit\u00e4t von Holz betr\u00e4gt 58 %. Lineare Gesamtdehnung der Ulme: axial 0,3 %, radial 4,3 bis 4,8 % und tangential 6,9 bis 8,3 %. Die gesamte volumetrische Gewichtung betr\u00e4gt 11,8 bis 13,8 % und die spezifische volumetrische Gewichtung 0,39 bis 0,46 %.<\/p>\n<p>Ulmenholz l\u00e4sst sich gut bearbeiten, schwer zu hobeln. Es dreht und biegt sich gut, beim Verbinden mit N\u00e4geln und Schrauben muss vorgebohrt werden, um ein Spalten zu vermeiden. Birke trocknet gut, obwohl sie anf\u00e4llig f\u00fcr Verwitterung und Rissbildung ist, nimmt sie nach dem Trocknen eine dunklere Farbe an. Das Holz hat eine gute Oberfl\u00e4chenbehandlung, obwohl es aufgrund der hohen Oberfl\u00e4chenporosit\u00e4t notwendig ist, die Luftr\u00f6hre vorher zu f\u00fcllen. Die Haltbarkeit des Holzes ist gro\u00dfartig und betr\u00e4gt bei wechselnden Bedingungen 8 bis 12 Jahre. Es wird zur Herstellung von M\u00f6beln, Furnieren, Parkett, Waffensch\u00e4ften, Holzrohren, Booten, Schwellen, Sportger\u00e4ten usw. verwendet.<\/p>\n<\/div><\/div><\/div><\/div><\/div><div class=\"fusion-separator fusion-full-width-sep\" style=\"align-self: center;margin-left: auto;margin-right: auto;flex-grow:10;margin-bottom:40px;width:100%;\"><div class=\"fusion-separator-border sep-single sep-solid\" style=\"--awb-height:20px;--awb-amount:20px;--awb-sep-color:rgba(30,15,5,0.87);border-color:rgba(30,15,5,0.87);border-top-width:1px;\"><\/div><\/div><\/div><\/div><\/div><\/div><div class=\"fusion-fullwidth fullwidth-box fusion-builder-row-5 fusion-flex-container nonhundred-percent-fullwidth non-hundred-percent-height-scrolling\" style=\"--awb-border-radius-top-left:0px;--awb-border-radius-top-right:0px;--awb-border-radius-bottom-right:0px;--awb-border-radius-bottom-left:0px;--awb-flex-wrap:wrap;\" ><div class=\"fusion-builder-row fusion-row fusion-flex-align-items-flex-start fusion-flex-content-wrap\" style=\"max-width:1248px;margin-left: calc(-4% \/ 2 );margin-right: calc(-4% \/ 2 );\"><div class=\"fusion-layout-column fusion_builder_column fusion-builder-column-4 fusion_builder_column_1_1 1_1 fusion-flex-column\" style=\"--awb-bg-size:cover;--awb-width-large:100%;--awb-margin-top-large:0px;--awb-spacing-right-large:1.92%;--awb-margin-bottom-large:20px;--awb-spacing-left-large:1.92%;--awb-width-medium:100%;--awb-order-medium:0;--awb-spacing-right-medium:1.92%;--awb-spacing-left-medium:1.92%;--awb-width-small:100%;--awb-order-small:0;--awb-spacing-right-small:1.92%;--awb-spacing-left-small:1.92%;\"><div class=\"fusion-column-wrapper fusion-column-has-shadow fusion-flex-justify-content-flex-start fusion-content-layout-column\"><div class=\"fusion-text fusion-text-10\"><h3><strong>NUSSBAUM (<em>Juglans regia L.<\/em>)<\/strong><\/h3>\n<\/div><div class=\"fusion-builder-row fusion-builder-row-inner fusion-row fusion-flex-align-items-flex-start fusion-flex-content-wrap\" style=\"--awb-flex-grow:0;--awb-flex-grow-medium:0;--awb-flex-grow-small:0;--awb-flex-shrink:0;--awb-flex-shrink-medium:0;--awb-flex-shrink-small:0;width:104% !important;max-width:104% !important;margin-left: calc(-4% \/ 2 );margin-right: calc(-4% \/ 2 );\"><div class=\"fusion-layout-column fusion_builder_column_inner fusion-builder-nested-column-4 fusion_builder_column_inner_1_3 1_3 fusion-flex-column\" style=\"--awb-bg-size:cover;--awb-width-large:33.333333333333%;--awb-margin-top-large:0px;--awb-spacing-right-large:5.76%;--awb-margin-bottom-large:20px;--awb-spacing-left-large:5.76%;--awb-width-medium:33.333333333333%;--awb-order-medium:0;--awb-spacing-right-medium:5.76%;--awb-spacing-left-medium:5.76%;--awb-width-small:100%;--awb-order-small:0;--awb-spacing-right-small:1.92%;--awb-spacing-left-small:1.92%;\"><div class=\"fusion-column-wrapper fusion-column-has-shadow fusion-flex-justify-content-flex-start fusion-content-layout-column\"><div class=\"fusion-image-element \" style=\"--awb-caption-title-font-family:var(--h2_typography-font-family);--awb-caption-title-font-weight:var(--h2_typography-font-weight);--awb-caption-title-font-style:var(--h2_typography-font-style);--awb-caption-title-size:var(--h2_typography-font-size);--awb-caption-title-transform:var(--h2_typography-text-transform);--awb-caption-title-line-height:var(--h2_typography-line-height);--awb-caption-title-letter-spacing:var(--h2_typography-letter-spacing);\"><span class=\" fusion-imageframe imageframe-none imageframe-3 hover-type-zoomin\"><img decoding=\"async\" width=\"220\" height=\"300\" title=\"orah-drvo-01\" src=\"https:\/\/www.kolibica.com\/wp-content\/uploads\/2012\/12\/orah-drvo-01.jpg\" data-orig-src=\"https:\/\/www.kolibica.com\/wp-content\/uploads\/2012\/12\/orah-drvo-01.jpg\" alt class=\"lazyload img-responsive wp-image-80771\" srcset=\"data:image\/svg+xml,%3Csvg%20xmlns%3D%27http%3A%2F%2Fwww.w3.org%2F2000%2Fsvg%27%20width%3D%27220%27%20height%3D%27300%27%20viewBox%3D%270%200%20220%20300%27%3E%3Crect%20width%3D%27220%27%20height%3D%27300%27%20fill-opacity%3D%220%22%2F%3E%3C%2Fsvg%3E\" data-srcset=\"https:\/\/www.kolibica.com\/wp-content\/uploads\/2012\/12\/orah-drvo-01-200x273.jpg 200w, https:\/\/www.kolibica.com\/wp-content\/uploads\/2012\/12\/orah-drvo-01.jpg 220w\" data-sizes=\"auto\" data-orig-sizes=\"(max-width: 640px) 100vw, 220px\" \/><\/span><\/div><\/div><\/div><div class=\"fusion-layout-column fusion_builder_column_inner fusion-builder-nested-column-5 fusion_builder_column_inner_2_3 2_3 fusion-flex-column\" style=\"--awb-bg-size:cover;--awb-width-large:66.666666666667%;--awb-margin-top-large:0px;--awb-spacing-right-large:2.88%;--awb-margin-bottom-large:20px;--awb-spacing-left-large:2.88%;--awb-width-medium:66.666666666667%;--awb-order-medium:0;--awb-spacing-right-medium:2.88%;--awb-spacing-left-medium:2.88%;--awb-width-small:100%;--awb-order-small:0;--awb-spacing-right-small:1.92%;--awb-spacing-left-small:1.92%;\"><div class=\"fusion-column-wrapper fusion-column-has-shadow fusion-flex-justify-content-flex-start fusion-content-layout-column\"><div class=\"fusion-text fusion-text-11\"><p>Das Verbreitungsgebiet der Walnuss ist Mittel-, West- und S\u00fcdeuropa, au\u00dferdem wird sie in Kleinasien, Nordafrika, Nordindien und China angebaut. Ihre H\u00f6henverbreitung betr\u00e4gt in Mitteleuropa bis zu 850 m\/NN, in S\u00fcditalien sogar bis 1800 m\/NN. Walnussb\u00e4ume k\u00f6nnen \u00fcber 100 Jahre alt werden.<\/p>\n<p>Walnussb\u00e4ume werden im Allgemeinen etwa 25 m hoch. Die Stamml\u00e4nge betr\u00e4gt bis zu 8 m, der Durchmesser meist bis zu 1 m, selten gr\u00f6\u00dfer. Die Krone des Walnussbaums ist sehr breit, oval, mit vielen dicken \u00c4sten. Die Rinde des Stammes ist glatt, in der Jugend hellgrau und rei\u00dft sp\u00e4ter l\u00e4ngs auf.<\/p>\n<p>Walnuss ist eine Laubbaumart. Der Splint ist grauwei\u00df und schmal, das Kernholz dunkelbraun bis schwarzbraun, meist mit dunklen Streifen. Rohes Holz riecht nach Leder. Die Wachstumsringe sind auff\u00e4llig, relativ breit und konzentrisch, die Luftr\u00f6hren sind diffus por\u00f6s und gro\u00df, sichtbar. Die Holzstreifen sind d\u00fcnn und niedrig, homo- und heterozellul\u00e4r und schwer zu erkennen. Das Axialparenchym ist einseitig und zonal diffus.<\/p>\n<\/div><\/div><\/div><\/div><div class=\"accordian fusion-accordian\" style=\"--awb-border-size:1px;--awb-icon-size:16px;--awb-content-font-size:var(--awb-typography4-font-size);--awb-icon-alignment:left;--awb-hover-color:var(--awb-color2);--awb-border-color:var(--awb-color3);--awb-background-color:var(--awb-color1);--awb-divider-color:var(--awb-color3);--awb-divider-hover-color:var(--awb-color3);--awb-icon-color:var(--awb-color1);--awb-title-color:var(--awb-color8);--awb-content-color:var(--awb-color8);--awb-icon-box-color:var(--awb-color8);--awb-toggle-hover-accent-color:var(--awb-color5);--awb-title-font-family:var(--awb-typography1-font-family);--awb-title-font-weight:var(--awb-typography1-font-weight);--awb-title-font-style:var(--awb-typography1-font-style);--awb-title-font-size:24px;--awb-content-font-family:var(--awb-typography4-font-family);--awb-content-font-weight:var(--awb-typography4-font-weight);--awb-content-font-style:var(--awb-typography4-font-style);\"><div class=\"panel-group fusion-toggle-icon-boxed\" id=\"accordion-83058-3\"><div class=\"fusion-panel panel-default panel-173d92faabb71b2a1 fusion-toggle-has-divider\" style=\"--awb-title-color:var(--awb-color8);--awb-content-color:var(--awb-color8);\"><div class=\"panel-heading\"><h4 class=\"panel-title toggle\" id=\"toggle_173d92faabb71b2a1\"><a aria-expanded=\"false\" aria-controls=\"173d92faabb71b2a1\" role=\"button\" data-toggle=\"collapse\" data-target=\"#173d92faabb71b2a1\" href=\"#173d92faabb71b2a1\"><span class=\"fusion-toggle-icon-wrapper\" aria-hidden=\"true\"><i class=\"fa-fusion-box active-icon fa-caret-up fas\" aria-hidden=\"true\"><\/i><i class=\"fa-fusion-box inactive-icon fa-caret-down fas\" aria-hidden=\"true\"><\/i><\/span><span class=\"fusion-toggle-heading\">Weiterlesen<\/span><\/a><\/h4><\/div><div id=\"173d92faabb71b2a1\" class=\"panel-collapse collapse \" aria-labelledby=\"toggle_173d92faabb71b2a1\"><div class=\"panel-body toggle-content fusion-clearfix\">\n<p>Die Dichte der Walnuss betr\u00e4gt: im absolut trockenen Zustand &#8211; 640, im getrockneten Zustand &#8211; 680 und im rohen Zustand bis zu 1100 kg\/m3. Die Porosit\u00e4t von Walnuss betr\u00e4gt etwa 57 %. Die linearen Gesamtgewichte sind: axial 0,5 %, radial 5,4 % und tangential 7,5 %. Die volumetrische Gesamtgewichtung betr\u00e4gt 13,4 bis 14,0 % und die spezifische volumetrische Gewichtung 0,25 bis 0,45 %.<\/p>\n<p>Walnussholz l\u00e4sst sich gut sch\u00e4len, schneiden, hobeln und schleifen. Ben\u00f6tigt leichte Trocknung. Es klebt gut. Die Oberfl\u00e4che ist gut verarbeitet, gut gebeizt, lackiert und bemalt. Walnuss wird zur Herstellung von Schnitt- und Sch\u00e4lfurnieren, dann in der M\u00f6belherstellung und zur Innenverkleidung von Geb\u00e4uden, zur Herstellung von Spanplatten und Parkett verwendet. Walnuss wird auch als Spezialholz zum Drechseln und Intarsieren, dann zur Herstellung von Musikinstrumenten, zur Herstellung von Gewehrsch\u00e4ften und f\u00fcr andere Zwecke verwendet.<\/p>\n<\/div><\/div><\/div><\/div><\/div><div class=\"fusion-separator fusion-full-width-sep\" style=\"align-self: center;margin-left: auto;margin-right: auto;flex-grow:10;margin-bottom:40px;width:100%;\"><div class=\"fusion-separator-border sep-single sep-solid\" style=\"--awb-height:20px;--awb-amount:20px;--awb-sep-color:rgba(30,15,5,0.87);border-color:rgba(30,15,5,0.87);border-top-width:1px;\"><\/div><\/div><\/div><\/div><\/div><\/div><div class=\"fusion-fullwidth fullwidth-box fusion-builder-row-6 fusion-flex-container nonhundred-percent-fullwidth non-hundred-percent-height-scrolling\" style=\"--awb-border-radius-top-left:0px;--awb-border-radius-top-right:0px;--awb-border-radius-bottom-right:0px;--awb-border-radius-bottom-left:0px;--awb-flex-wrap:wrap;\" ><div class=\"fusion-builder-row fusion-row fusion-flex-align-items-flex-start fusion-flex-content-wrap\" style=\"max-width:1248px;margin-left: calc(-4% \/ 2 );margin-right: calc(-4% \/ 2 );\"><div class=\"fusion-layout-column fusion_builder_column fusion-builder-column-5 fusion_builder_column_1_1 1_1 fusion-flex-column\" style=\"--awb-bg-size:cover;--awb-width-large:100%;--awb-margin-top-large:0px;--awb-spacing-right-large:1.92%;--awb-margin-bottom-large:20px;--awb-spacing-left-large:1.92%;--awb-width-medium:100%;--awb-order-medium:0;--awb-spacing-right-medium:1.92%;--awb-spacing-left-medium:1.92%;--awb-width-small:100%;--awb-order-small:0;--awb-spacing-right-small:1.92%;--awb-spacing-left-small:1.92%;\"><div class=\"fusion-column-wrapper fusion-column-has-shadow fusion-flex-justify-content-flex-start fusion-content-layout-column\"><div class=\"fusion-text fusion-text-12\"><h3><strong>SCHWARZE KIEFER <em>(Pinus nigra Arnos.<\/em>)<\/strong><\/h3>\n<\/div><div class=\"fusion-builder-row fusion-builder-row-inner fusion-row fusion-flex-align-items-flex-start fusion-flex-content-wrap\" style=\"--awb-flex-grow:0;--awb-flex-grow-medium:0;--awb-flex-grow-small:0;--awb-flex-shrink:0;--awb-flex-shrink-medium:0;--awb-flex-shrink-small:0;width:104% !important;max-width:104% !important;margin-left: calc(-4% \/ 2 );margin-right: calc(-4% \/ 2 );\"><div class=\"fusion-layout-column fusion_builder_column_inner fusion-builder-nested-column-6 fusion_builder_column_inner_1_3 1_3 fusion-flex-column\" style=\"--awb-bg-size:cover;--awb-width-large:33.333333333333%;--awb-margin-top-large:0px;--awb-spacing-right-large:5.76%;--awb-margin-bottom-large:20px;--awb-spacing-left-large:5.76%;--awb-width-medium:33.333333333333%;--awb-order-medium:0;--awb-spacing-right-medium:5.76%;--awb-spacing-left-medium:5.76%;--awb-width-small:100%;--awb-order-small:0;--awb-spacing-right-small:1.92%;--awb-spacing-left-small:1.92%;\"><div class=\"fusion-column-wrapper fusion-column-has-shadow fusion-flex-justify-content-flex-start fusion-content-layout-column\"><div class=\"fusion-image-element \" style=\"--awb-caption-title-font-family:var(--h2_typography-font-family);--awb-caption-title-font-weight:var(--h2_typography-font-weight);--awb-caption-title-font-style:var(--h2_typography-font-style);--awb-caption-title-size:var(--h2_typography-font-size);--awb-caption-title-transform:var(--h2_typography-text-transform);--awb-caption-title-line-height:var(--h2_typography-line-height);--awb-caption-title-letter-spacing:var(--h2_typography-letter-spacing);\"><span class=\" fusion-imageframe imageframe-none imageframe-4 hover-type-zoomin\"><img decoding=\"async\" width=\"220\" height=\"300\" title=\"crni-bor-drvo-01\" src=\"https:\/\/www.kolibica.com\/wp-content\/uploads\/2012\/12\/crni-bor-drvo-01.jpg\" data-orig-src=\"https:\/\/www.kolibica.com\/wp-content\/uploads\/2012\/12\/crni-bor-drvo-01.jpg\" alt class=\"lazyload img-responsive wp-image-78471\" srcset=\"data:image\/svg+xml,%3Csvg%20xmlns%3D%27http%3A%2F%2Fwww.w3.org%2F2000%2Fsvg%27%20width%3D%27220%27%20height%3D%27300%27%20viewBox%3D%270%200%20220%20300%27%3E%3Crect%20width%3D%27220%27%20height%3D%27300%27%20fill-opacity%3D%220%22%2F%3E%3C%2Fsvg%3E\" data-srcset=\"https:\/\/www.kolibica.com\/wp-content\/uploads\/2012\/12\/crni-bor-drvo-01-200x273.jpg 200w, https:\/\/www.kolibica.com\/wp-content\/uploads\/2012\/12\/crni-bor-drvo-01.jpg 220w\" data-sizes=\"auto\" data-orig-sizes=\"(max-width: 640px) 100vw, 220px\" \/><\/span><\/div><\/div><\/div><div class=\"fusion-layout-column fusion_builder_column_inner fusion-builder-nested-column-7 fusion_builder_column_inner_2_3 2_3 fusion-flex-column\" style=\"--awb-bg-size:cover;--awb-width-large:66.666666666667%;--awb-margin-top-large:0px;--awb-spacing-right-large:2.88%;--awb-margin-bottom-large:20px;--awb-spacing-left-large:2.88%;--awb-width-medium:66.666666666667%;--awb-order-medium:0;--awb-spacing-right-medium:2.88%;--awb-spacing-left-medium:2.88%;--awb-width-small:100%;--awb-order-small:0;--awb-spacing-right-small:1.92%;--awb-spacing-left-small:1.92%;\"><div class=\"fusion-column-wrapper fusion-column-has-shadow fusion-flex-justify-content-flex-start fusion-content-layout-column\"><div class=\"fusion-text fusion-text-13\"><p>Das Verbreitungsgebiet der Schwarzkiefer, die mehrere Unterarten und Variet\u00e4ten aufweist, liegt in S\u00fcdeuropa, Nordafrika und Kleinasien.<\/p>\n<p>Die Kiefer ist immergr\u00fcn und bis zu 40 m hoch. Die Krone des Baumes ist breit und oval. B\u00e4ume wachsen auf schlechtem und felsigem Gel\u00e4nde, wenn ihr Baldachin die Form eines Regenschirms haben kann. Der Stamm ist gerade und bis zu 20 m lang, der Brustdurchmesser des Stammes betr\u00e4gt bis zu 1,2 m. Die Rinde des Baumes ist graubraun bis schwarzgrau, ziemlich dick und rei\u00dft schon fr\u00fch und bekommt tiefere L\u00e4ngs- und k\u00fcrzere Querrisse.<\/p>\n<p>Kiefernholz ist faserig, der Splint ist gelblich-wei\u00df, schmal oder breit, das Kernholz beginnt zwischen 40 und 60 Jahren. Das Mark ist rotbraun, im frischen Zustand gibt es keinen signifikanten Unterschied in der Farbe von Mark und Splintholz, aber sp\u00e4ter wird das Mark aufgrund der Abnahme der Feuchtigkeit und der Oxidation rotbraun. Jahresringe sind auff\u00e4llig, der \u00dcbergang vom Fr\u00fch- zum Sp\u00e4tholz ist abrupt. Harzkan\u00e4le sind zahlreich, aber kaum sichtbar. Die Holzstreifen sind im Radialschnitt kaum sichtbar, w\u00e4hrend sie im Quer- und Tangentialschnitt nicht sichtbar sind, sie sind d\u00fcnn und heterozellig.<\/p>\n<\/div><\/div><\/div><\/div><div class=\"accordian fusion-accordian\" style=\"--awb-border-size:1px;--awb-icon-size:16px;--awb-content-font-size:var(--awb-typography4-font-size);--awb-icon-alignment:left;--awb-hover-color:var(--awb-color2);--awb-border-color:var(--awb-color3);--awb-background-color:var(--awb-color1);--awb-divider-color:var(--awb-color3);--awb-divider-hover-color:var(--awb-color3);--awb-icon-color:var(--awb-color1);--awb-title-color:var(--awb-color8);--awb-content-color:var(--awb-color8);--awb-icon-box-color:var(--awb-color8);--awb-toggle-hover-accent-color:var(--awb-color5);--awb-title-font-family:var(--awb-typography1-font-family);--awb-title-font-weight:var(--awb-typography1-font-weight);--awb-title-font-style:var(--awb-typography1-font-style);--awb-title-font-size:24px;--awb-content-font-family:var(--awb-typography4-font-family);--awb-content-font-weight:var(--awb-typography4-font-weight);--awb-content-font-style:var(--awb-typography4-font-style);\"><div class=\"panel-group fusion-toggle-icon-boxed\" id=\"accordion-83058-4\"><div class=\"fusion-panel panel-default panel-a1b1a8b1105a57afd fusion-toggle-has-divider\" style=\"--awb-title-color:var(--awb-color8);--awb-content-color:var(--awb-color8);\"><div class=\"panel-heading\"><h4 class=\"panel-title toggle\" id=\"toggle_a1b1a8b1105a57afd\"><a aria-expanded=\"false\" aria-controls=\"a1b1a8b1105a57afd\" role=\"button\" data-toggle=\"collapse\" data-target=\"#a1b1a8b1105a57afd\" href=\"#a1b1a8b1105a57afd\"><span class=\"fusion-toggle-icon-wrapper\" aria-hidden=\"true\"><i class=\"fa-fusion-box active-icon fa-caret-up fas\" aria-hidden=\"true\"><\/i><i class=\"fa-fusion-box inactive-icon fa-caret-down fas\" aria-hidden=\"true\"><\/i><\/span><span class=\"fusion-toggle-heading\">Weiterlesen<\/span><\/a><\/h4><\/div><div id=\"a1b1a8b1105a57afd\" class=\"panel-collapse collapse \" aria-labelledby=\"toggle_a1b1a8b1105a57afd\"><div class=\"panel-body toggle-content fusion-clearfix\">\n<p>Schwarzkiefernholz ist mittelschwer und hat eine Dichte: im absolut trockenen Feuchtigkeitszustand ca. 580 kg\/m3, im getrockneten Zustand ca. 620 kg\/m3 und im Rohzustand ca. 1000 kg\/m3. Die linearen Gesamtgewichte sind: axial 0,4, radial 4,3 und tangential 7,74 %. Das Gesamtvolumengewicht der Kiefer betr\u00e4gt etwa 12,6%.<\/p>\n<p>Schwarzkiefernholz ist sehr langlebig. Es wird im Bauwesen, in der Tischlerei, in der Luftfahrtindustrie, in der M\u00f6belindustrie usw. verwendet. Wegen seiner gro\u00dfen Dauerhaftigkeit wird es besonders als Grubenholz und als Holz f\u00fcr den Au\u00dfenbereich bei der Herstellung von Fenstern und T\u00fcren usw. gesch\u00e4tzt.<\/p>\n<\/div><\/div><\/div><\/div><\/div><div class=\"fusion-separator fusion-full-width-sep\" style=\"align-self: center;margin-left: auto;margin-right: auto;flex-grow:10;margin-bottom:40px;width:100%;\"><div class=\"fusion-separator-border sep-single sep-solid\" style=\"--awb-height:20px;--awb-amount:20px;--awb-sep-color:rgba(30,15,5,0.87);border-color:rgba(30,15,5,0.87);border-top-width:1px;\"><\/div><\/div><\/div><\/div><\/div><\/div><div class=\"fusion-fullwidth fullwidth-box fusion-builder-row-7 fusion-flex-container nonhundred-percent-fullwidth non-hundred-percent-height-scrolling\" style=\"--awb-border-radius-top-left:0px;--awb-border-radius-top-right:0px;--awb-border-radius-bottom-right:0px;--awb-border-radius-bottom-left:0px;--awb-flex-wrap:wrap;\" ><div class=\"fusion-builder-row fusion-row fusion-flex-align-items-flex-start fusion-flex-content-wrap\" style=\"max-width:1248px;margin-left: calc(-4% \/ 2 );margin-right: calc(-4% \/ 2 );\"><div class=\"fusion-layout-column fusion_builder_column fusion-builder-column-6 fusion_builder_column_1_1 1_1 fusion-flex-column\" style=\"--awb-bg-size:cover;--awb-width-large:100%;--awb-margin-top-large:0px;--awb-spacing-right-large:1.92%;--awb-margin-bottom-large:20px;--awb-spacing-left-large:1.92%;--awb-width-medium:100%;--awb-order-medium:0;--awb-spacing-right-medium:1.92%;--awb-spacing-left-medium:1.92%;--awb-width-small:100%;--awb-order-small:0;--awb-spacing-right-small:1.92%;--awb-spacing-left-small:1.92%;\"><div class=\"fusion-column-wrapper fusion-column-has-shadow fusion-flex-justify-content-flex-start fusion-content-layout-column\"><div class=\"fusion-text fusion-text-14\"><h3><strong>KIEFER WEISS (<em>Pinus silvestris L.<\/em>)<\/strong><\/h3>\n<\/div><div class=\"fusion-builder-row fusion-builder-row-inner fusion-row fusion-flex-align-items-flex-start fusion-flex-content-wrap\" style=\"--awb-flex-grow:0;--awb-flex-grow-medium:0;--awb-flex-grow-small:0;--awb-flex-shrink:0;--awb-flex-shrink-medium:0;--awb-flex-shrink-small:0;width:104% !important;max-width:104% !important;margin-left: calc(-4% \/ 2 );margin-right: calc(-4% \/ 2 );\"><div class=\"fusion-layout-column fusion_builder_column_inner fusion-builder-nested-column-8 fusion_builder_column_inner_1_3 1_3 fusion-flex-column\" style=\"--awb-bg-size:cover;--awb-width-large:33.333333333333%;--awb-margin-top-large:0px;--awb-spacing-right-large:5.76%;--awb-margin-bottom-large:20px;--awb-spacing-left-large:5.76%;--awb-width-medium:33.333333333333%;--awb-order-medium:0;--awb-spacing-right-medium:5.76%;--awb-spacing-left-medium:5.76%;--awb-width-small:100%;--awb-order-small:0;--awb-spacing-right-small:1.92%;--awb-spacing-left-small:1.92%;\"><div class=\"fusion-column-wrapper fusion-column-has-shadow fusion-flex-justify-content-flex-start fusion-content-layout-column\"><div class=\"fusion-image-element \" style=\"--awb-caption-title-font-family:var(--h2_typography-font-family);--awb-caption-title-font-weight:var(--h2_typography-font-weight);--awb-caption-title-font-style:var(--h2_typography-font-style);--awb-caption-title-size:var(--h2_typography-font-size);--awb-caption-title-transform:var(--h2_typography-text-transform);--awb-caption-title-line-height:var(--h2_typography-line-height);--awb-caption-title-letter-spacing:var(--h2_typography-letter-spacing);\"><span class=\" fusion-imageframe imageframe-none imageframe-5 hover-type-zoomin\"><img decoding=\"async\" width=\"220\" height=\"300\" title=\"beli-bor-drvo-01\" src=\"https:\/\/www.kolibica.com\/wp-content\/uploads\/2012\/12\/beli-bor-drvo-01.jpg\" data-orig-src=\"https:\/\/www.kolibica.com\/wp-content\/uploads\/2012\/12\/beli-bor-drvo-01.jpg\" alt class=\"lazyload img-responsive wp-image-78371\" srcset=\"data:image\/svg+xml,%3Csvg%20xmlns%3D%27http%3A%2F%2Fwww.w3.org%2F2000%2Fsvg%27%20width%3D%27220%27%20height%3D%27300%27%20viewBox%3D%270%200%20220%20300%27%3E%3Crect%20width%3D%27220%27%20height%3D%27300%27%20fill-opacity%3D%220%22%2F%3E%3C%2Fsvg%3E\" data-srcset=\"https:\/\/www.kolibica.com\/wp-content\/uploads\/2012\/12\/beli-bor-drvo-01-200x273.jpg 200w, https:\/\/www.kolibica.com\/wp-content\/uploads\/2012\/12\/beli-bor-drvo-01.jpg 220w\" data-sizes=\"auto\" data-orig-sizes=\"(max-width: 640px) 100vw, 220px\" \/><\/span><\/div><\/div><\/div><div class=\"fusion-layout-column fusion_builder_column_inner fusion-builder-nested-column-9 fusion_builder_column_inner_2_3 2_3 fusion-flex-column\" style=\"--awb-bg-size:cover;--awb-width-large:66.666666666667%;--awb-margin-top-large:0px;--awb-spacing-right-large:2.88%;--awb-margin-bottom-large:20px;--awb-spacing-left-large:2.88%;--awb-width-medium:66.666666666667%;--awb-order-medium:0;--awb-spacing-right-medium:2.88%;--awb-spacing-left-medium:2.88%;--awb-width-small:100%;--awb-order-small:0;--awb-spacing-right-small:1.92%;--awb-spacing-left-small:1.92%;\"><div class=\"fusion-column-wrapper fusion-column-has-shadow fusion-flex-justify-content-flex-start fusion-content-layout-column\"><div class=\"fusion-text fusion-text-15\"><p>Das Verbreitungsgebiet der Wei\u00dfkiefer ist recht breit und umfasst den Bereich Europas und Nordasiens. Seine H\u00f6henverteilung reicht von 700 m\/\u00fc.M. in den Nordbergen bis etwa 1600 m\/\u00fc.M. in den S\u00fcdbergen.<\/p>\n<p>Die Kiefer ist immergr\u00fcn, 10 bis 30 m hoch, Stamml\u00e4nge bis 20 m und Brustdurchmesser bis 1 m. Die Krone ist hoch, oval-konisch, l\u00e4sst viel Licht herein, das hei\u00dft, sie ist ziemlich sp\u00e4rlich und heller als die Krone der Schwarzkiefer. Der Stamm ist schlank und gerade. \u00c4ste sind in Wirbeln angeordnet. Die Rinde junger B\u00e4ume ist d\u00fcnn, r\u00f6tlichgrau, sp\u00e4ter im unteren Teil graubraun, tiefrissig, w\u00e4hrend die oberen Teile des Stammes und der \u00c4ste noch eine gelblich-rote Rinde haben, die von geringer Konsistenz und geringer Konsistenz ist l\u00f6st sich in kleinen Flocken ab. Der Volumenanteil der Rinde betr\u00e4gt 12 bis 18 %, die Dichte etwa 300 kg\/m3.<\/p>\n<\/div><\/div><\/div><\/div><div class=\"accordian fusion-accordian\" style=\"--awb-border-size:1px;--awb-icon-size:16px;--awb-content-font-size:var(--awb-typography4-font-size);--awb-icon-alignment:left;--awb-hover-color:var(--awb-color2);--awb-border-color:var(--awb-color3);--awb-background-color:var(--awb-color1);--awb-divider-color:var(--awb-color3);--awb-divider-hover-color:var(--awb-color3);--awb-icon-color:var(--awb-color1);--awb-title-color:var(--awb-color8);--awb-content-color:var(--awb-color8);--awb-icon-box-color:var(--awb-color8);--awb-toggle-hover-accent-color:var(--awb-color5);--awb-title-font-family:var(--awb-typography1-font-family);--awb-title-font-weight:var(--awb-typography1-font-weight);--awb-title-font-style:var(--awb-typography1-font-style);--awb-title-font-size:24px;--awb-content-font-family:var(--awb-typography4-font-family);--awb-content-font-weight:var(--awb-typography4-font-weight);--awb-content-font-style:var(--awb-typography4-font-style);\"><div class=\"panel-group fusion-toggle-icon-boxed\" id=\"accordion-83058-5\"><div class=\"fusion-panel panel-default panel-c510d20b7a30845f7 fusion-toggle-has-divider\" style=\"--awb-title-color:var(--awb-color8);--awb-content-color:var(--awb-color8);\"><div class=\"panel-heading\"><h4 class=\"panel-title toggle\" id=\"toggle_c510d20b7a30845f7\"><a aria-expanded=\"false\" aria-controls=\"c510d20b7a30845f7\" role=\"button\" data-toggle=\"collapse\" data-target=\"#c510d20b7a30845f7\" href=\"#c510d20b7a30845f7\"><span class=\"fusion-toggle-icon-wrapper\" aria-hidden=\"true\"><i class=\"fa-fusion-box active-icon fa-caret-up fas\" aria-hidden=\"true\"><\/i><i class=\"fa-fusion-box inactive-icon fa-caret-down fas\" aria-hidden=\"true\"><\/i><\/span><span class=\"fusion-toggle-heading\">Weiterlesen<\/span><\/a><\/h4><\/div><div id=\"c510d20b7a30845f7\" class=\"panel-collapse collapse \" aria-labelledby=\"toggle_c510d20b7a30845f7\"><div class=\"panel-body toggle-content fusion-clearfix\">\n<p>Die Kiefer geh\u00f6rt zu den Nadelbaumarten. Der Splint ist gelblich-wei\u00df oder r\u00f6tlich-wei\u00df, und das Kernholz \u00e4hnelt im frischen Zustand dem Splintholz, w\u00e4hrend es an der Luft sp\u00e4ter rotbraun wird. Die Grenzen der Wachstumsringe sind klar und deutlich dunkel gef\u00e4rbt. Die Harzkan\u00e4le befinden sich \u00fcberwiegend im mittleren Teil der Ring- und Inkremente und sind im Querschnitt als dunkle Flecken und im L\u00e4ngsschnitt als d\u00fcnne Streifen zu erkennen. Baumb\u00e4nder sind schwer zu erkennen und heterozellul\u00e4r.<\/p>\n<p>Die Dichte des Holzes betr\u00e4gt im absolut trockenen Zustand 490, im getrockneten Zustand 510 und im Rohzustand 820 kg\/m3 Die Volumenporosit\u00e4t des Holzes betr\u00e4gt etwa 67 %. Die linearen Gesamtspannungen von Holz betragen: axial 0,4 %, radial 3,3 % bis 4,0 % und tangential 7,5 bis 8,0 %. Die volumetrische Gesamtgewichtung betr\u00e4gt 11,2 bis 12,4 %. Das spezifische Gewicht betr\u00e4gt 0,37 bis 0,41 %.<\/p>\n<p>Waldkiefernholz l\u00e4sst sich leicht schneiden, hobeln, bohren und schleifen. Optimale Schnittgeschwindigkeiten liegen bei etwa 33 m\/s. Das Holz trocknet gut und bei einer Luftfeuchtigkeit \u00fcber 25 % und einer Temperatur von 20 bis 30 \u00b0C neigt es dazu, blau zu erscheinen. Holz klebt gut. Die Oberfl\u00e4che ist gut verarbeitet, allerdings ist sie bei hohem Harzanteil schwer zu beizen und zu lackieren. Die Haltbarkeit des Holzes ist gro\u00dfartig, besonders beim Einsatz unter Wasser.<\/p>\n<p>Wei\u00dfes Kiefernholz wird zur Herstellung von Schnitt- und Sch\u00e4lfurnieren, zur Herstellung von Furnierplatten und zum Furnieren von Spanplatten verwendet. Holz wird zur Herstellung von T\u00fcren und Fenstern, f\u00fcr den Au\u00dfenbereich, zur Herstellung von Fu\u00dfb\u00f6den und Dachkonstruktionen verwendet. Es wird als Spezialholz f\u00fcr die Papier- und Zellstoffindustrie, zur Herstellung von Span- und Faserplatten, bei der Herstellung von Holzwolle, Holzkohle usw. verwendet.<\/p>\n<\/div><\/div><\/div><\/div><\/div><div class=\"fusion-separator fusion-full-width-sep\" style=\"align-self: center;margin-left: auto;margin-right: auto;flex-grow:10;margin-bottom:40px;width:100%;\"><div class=\"fusion-separator-border sep-single sep-solid\" style=\"--awb-height:20px;--awb-amount:20px;--awb-sep-color:rgba(30,15,5,0.87);border-color:rgba(30,15,5,0.87);border-top-width:1px;\"><\/div><\/div><\/div><\/div><\/div><\/div><div class=\"fusion-fullwidth fullwidth-box fusion-builder-row-8 fusion-flex-container nonhundred-percent-fullwidth non-hundred-percent-height-scrolling\" style=\"--awb-border-radius-top-left:0px;--awb-border-radius-top-right:0px;--awb-border-radius-bottom-right:0px;--awb-border-radius-bottom-left:0px;--awb-flex-wrap:wrap;\" ><div class=\"fusion-builder-row fusion-row fusion-flex-align-items-flex-start fusion-flex-content-wrap\" style=\"max-width:1248px;margin-left: calc(-4% \/ 2 );margin-right: calc(-4% \/ 2 );\"><div class=\"fusion-layout-column fusion_builder_column fusion-builder-column-7 fusion_builder_column_1_1 1_1 fusion-flex-column\" style=\"--awb-bg-size:cover;--awb-width-large:100%;--awb-margin-top-large:0px;--awb-spacing-right-large:1.92%;--awb-margin-bottom-large:20px;--awb-spacing-left-large:1.92%;--awb-width-medium:100%;--awb-order-medium:0;--awb-spacing-right-medium:1.92%;--awb-spacing-left-medium:1.92%;--awb-width-small:100%;--awb-order-small:0;--awb-spacing-right-small:1.92%;--awb-spacing-left-small:1.92%;\"><div class=\"fusion-column-wrapper fusion-column-has-shadow fusion-flex-justify-content-flex-start fusion-content-layout-column\"><div class=\"fusion-text fusion-text-16\"><h3><strong>TANNE, gew\u00f6hnlich (<em>Abies alba<\/em>)<\/strong><\/h3>\n<\/div><div class=\"fusion-builder-row fusion-builder-row-inner fusion-row fusion-flex-align-items-flex-start fusion-flex-content-wrap\" style=\"--awb-flex-grow:0;--awb-flex-grow-medium:0;--awb-flex-grow-small:0;--awb-flex-shrink:0;--awb-flex-shrink-medium:0;--awb-flex-shrink-small:0;width:104% !important;max-width:104% !important;margin-left: calc(-4% \/ 2 );margin-right: calc(-4% \/ 2 );\"><div class=\"fusion-layout-column fusion_builder_column_inner fusion-builder-nested-column-10 fusion_builder_column_inner_1_3 1_3 fusion-flex-column\" style=\"--awb-bg-size:cover;--awb-width-large:33.333333333333%;--awb-margin-top-large:0px;--awb-spacing-right-large:5.76%;--awb-margin-bottom-large:20px;--awb-spacing-left-large:5.76%;--awb-width-medium:33.333333333333%;--awb-order-medium:0;--awb-spacing-right-medium:5.76%;--awb-spacing-left-medium:5.76%;--awb-width-small:100%;--awb-order-small:0;--awb-spacing-right-small:1.92%;--awb-spacing-left-small:1.92%;\"><div class=\"fusion-column-wrapper fusion-column-has-shadow fusion-flex-justify-content-flex-start fusion-content-layout-column\"><div class=\"fusion-image-element \" style=\"--awb-caption-title-font-family:var(--h2_typography-font-family);--awb-caption-title-font-weight:var(--h2_typography-font-weight);--awb-caption-title-font-style:var(--h2_typography-font-style);--awb-caption-title-size:var(--h2_typography-font-size);--awb-caption-title-transform:var(--h2_typography-text-transform);--awb-caption-title-line-height:var(--h2_typography-line-height);--awb-caption-title-letter-spacing:var(--h2_typography-letter-spacing);\"><span class=\" fusion-imageframe imageframe-none imageframe-6 hover-type-zoomin\"><img decoding=\"async\" width=\"220\" height=\"300\" title=\"jela-drvo-01\" src=\"https:\/\/www.kolibica.com\/wp-content\/uploads\/2012\/12\/jela-drvo-01.jpg\" data-orig-src=\"https:\/\/www.kolibica.com\/wp-content\/uploads\/2012\/12\/jela-drvo-01.jpg\" alt class=\"lazyload img-responsive wp-image-79419\" srcset=\"data:image\/svg+xml,%3Csvg%20xmlns%3D%27http%3A%2F%2Fwww.w3.org%2F2000%2Fsvg%27%20width%3D%27220%27%20height%3D%27300%27%20viewBox%3D%270%200%20220%20300%27%3E%3Crect%20width%3D%27220%27%20height%3D%27300%27%20fill-opacity%3D%220%22%2F%3E%3C%2Fsvg%3E\" data-srcset=\"https:\/\/www.kolibica.com\/wp-content\/uploads\/2012\/12\/jela-drvo-01-200x273.jpg 200w, https:\/\/www.kolibica.com\/wp-content\/uploads\/2012\/12\/jela-drvo-01.jpg 220w\" data-sizes=\"auto\" data-orig-sizes=\"(max-width: 640px) 100vw, 220px\" \/><\/span><\/div><\/div><\/div><div class=\"fusion-layout-column fusion_builder_column_inner fusion-builder-nested-column-11 fusion_builder_column_inner_2_3 2_3 fusion-flex-column\" style=\"--awb-bg-size:cover;--awb-width-large:66.666666666667%;--awb-margin-top-large:0px;--awb-spacing-right-large:2.88%;--awb-margin-bottom-large:20px;--awb-spacing-left-large:2.88%;--awb-width-medium:66.666666666667%;--awb-order-medium:0;--awb-spacing-right-medium:2.88%;--awb-spacing-left-medium:2.88%;--awb-width-small:100%;--awb-order-small:0;--awb-spacing-right-small:1.92%;--awb-spacing-left-small:1.92%;\"><div class=\"fusion-column-wrapper fusion-column-has-shadow fusion-flex-justify-content-flex-start fusion-content-layout-column\"><div class=\"fusion-text fusion-text-17\"><p>Das Verbreitungsgebiet der Tanne liegt in Mittel-, West- und S\u00fcdeuropa. Seine H\u00f6henverbreitung betr\u00e4gt etwa 800 m\/\u00fc.M. im Norden bis etwa 2000 m\/\u00fc.M. in den Pyren\u00e4en.<\/p>\n<p>Die Tanne ist ein immergr\u00fcner Baum, dessen Stammh\u00f6he 30 bis 40 m betr\u00e4gt, obwohl Exemplare von 50 und mehr Metern zu finden sind. Die Stamml\u00e4nge betr\u00e4gt 20 m und der Brustdurchmesser des Baumes bis zu 1 m. Die Krone des Baumes ist in jungen Jahren kegelf\u00f6rmig und sp\u00e4ter mehr zylindrisch. Die \u00c4ste sind horizontal in Form von Wirbeln angeordnet und die Zweige h\u00e4ngen nicht. Die Rinde junger B\u00e4ume ist glatt, hellgrau, rei\u00dft sp\u00e4ter und verdunkelt sich. Der Volumenanteil der Rinde betr\u00e4gt ca. 11,5 %, die Dichte ca. 460 kg\/m3.<\/p>\n<p>Das Tannenholz ist wulstig, gelblich-wei\u00df bis r\u00f6tlich-wei\u00df gef\u00e4rbt, Jahresringe sind auff\u00e4llig, der \u00dcbergang vom Fr\u00fch- zum Sp\u00e4tholz ist flie\u00dfend und etwas abrupter als bei der Fichte. Das Holz hat keine Harzkan\u00e4le, die Holzleisten sind d\u00fcnn und unsichtbar. Das Holz hat im Allgemeinen eine regelm\u00e4\u00dfige Textur, manchmal enth\u00e4lt es verkohltes Holz, und es kann zu einer Verdrehung der Fasern und einer Welligkeit der Jahresringlinie an ihrem Schnittpunkt mit den Holzstreifen kommen.<\/p>\n<\/div><\/div><\/div><\/div><div class=\"accordian fusion-accordian\" style=\"--awb-border-size:1px;--awb-icon-size:16px;--awb-content-font-size:var(--awb-typography4-font-size);--awb-icon-alignment:left;--awb-hover-color:var(--awb-color2);--awb-border-color:var(--awb-color3);--awb-background-color:var(--awb-color1);--awb-divider-color:var(--awb-color3);--awb-divider-hover-color:var(--awb-color3);--awb-icon-color:var(--awb-color1);--awb-title-color:var(--awb-color8);--awb-content-color:var(--awb-color8);--awb-icon-box-color:var(--awb-color8);--awb-toggle-hover-accent-color:var(--awb-color5);--awb-title-font-family:var(--awb-typography1-font-family);--awb-title-font-weight:var(--awb-typography1-font-weight);--awb-title-font-style:var(--awb-typography1-font-style);--awb-title-font-size:24px;--awb-content-font-family:var(--awb-typography4-font-family);--awb-content-font-weight:var(--awb-typography4-font-weight);--awb-content-font-style:var(--awb-typography4-font-style);\"><div class=\"panel-group fusion-toggle-icon-boxed\" id=\"accordion-83058-6\"><div class=\"fusion-panel panel-default panel-da8c32672c9cba686 fusion-toggle-has-divider\" style=\"--awb-title-color:var(--awb-color8);--awb-content-color:var(--awb-color8);\"><div class=\"panel-heading\"><h4 class=\"panel-title toggle\" id=\"toggle_da8c32672c9cba686\"><a aria-expanded=\"false\" aria-controls=\"da8c32672c9cba686\" role=\"button\" data-toggle=\"collapse\" data-target=\"#da8c32672c9cba686\" href=\"#da8c32672c9cba686\"><span class=\"fusion-toggle-icon-wrapper\" aria-hidden=\"true\"><i class=\"fa-fusion-box active-icon fa-caret-up fas\" aria-hidden=\"true\"><\/i><i class=\"fa-fusion-box inactive-icon fa-caret-down fas\" aria-hidden=\"true\"><\/i><\/span><span class=\"fusion-toggle-heading\">Weiterlesen<\/span><\/a><\/h4><\/div><div id=\"da8c32672c9cba686\" class=\"panel-collapse collapse \" aria-labelledby=\"toggle_da8c32672c9cba686\"><div class=\"panel-body toggle-content fusion-clearfix\">\n<p>Die durchschnittliche Dichte von Tannenholz betr\u00e4gt: im absolut trockenen Zustand &#8211; 410, im getrockneten Zustand &#8211; 450 und im Rohzustand bis zu 900 kg\/m3. Die Volumenporosit\u00e4t von Holz betr\u00e4gt etwa 73 %. Lineare Gesamtspannungen sind: axial 0,1 %, radial 2,9 bis 3,8 % und tangential 7,2 bis 7,6 %. Die Gesamtsch\u00fcttdichte betr\u00e4gt 10,2 bis 11,5 % und die spezifische Sch\u00fcttdichte variiert von 0,34 bis 0,38 %.<\/p>\n<p>Tannenholz l\u00e4sst sich gut bearbeiten, sch\u00e4lt, schneidet, plant, bohrt und schleift gut, h\u00e4lt N\u00e4gel und Schrauben gut, trocknet gut und schnell, l\u00e4sst sich schwer drechseln, schnitzt gut, beizt gut, und etwas schlechter lackiert mit S\u00e4ure und mit Basislacken, es ist schwer zu impr\u00e4gnieren. Holz wird als Baumaterial f\u00fcr den Innenausbau, dann f\u00fcr den Bau unter Tage und unter Wasser verwendet. Es wird zur Herstellung von Musikinstrumenten, in der Zellstoff- und Papierindustrie, in der Faserplattenindustrie, bei der Herstellung von Holzverpackungen usw. verwendet.<\/p>\n<\/div><\/div><\/div><\/div><\/div><div class=\"fusion-separator fusion-full-width-sep\" style=\"align-self: center;margin-left: auto;margin-right: auto;flex-grow:10;margin-bottom:40px;width:100%;\"><div class=\"fusion-separator-border sep-single sep-solid\" style=\"--awb-height:20px;--awb-amount:20px;--awb-sep-color:rgba(30,15,5,0.87);border-color:rgba(30,15,5,0.87);border-top-width:1px;\"><\/div><\/div><\/div><\/div><\/div><\/div><div class=\"fusion-fullwidth fullwidth-box fusion-builder-row-9 fusion-flex-container nonhundred-percent-fullwidth non-hundred-percent-height-scrolling\" style=\"--awb-border-radius-top-left:0px;--awb-border-radius-top-right:0px;--awb-border-radius-bottom-right:0px;--awb-border-radius-bottom-left:0px;--awb-flex-wrap:wrap;\" ><div class=\"fusion-builder-row fusion-row fusion-flex-align-items-flex-start fusion-flex-content-wrap\" style=\"max-width:1248px;margin-left: calc(-4% \/ 2 );margin-right: calc(-4% \/ 2 );\"><div class=\"fusion-layout-column fusion_builder_column fusion-builder-column-8 fusion_builder_column_1_1 1_1 fusion-flex-column\" style=\"--awb-bg-size:cover;--awb-width-large:100%;--awb-margin-top-large:0px;--awb-spacing-right-large:1.92%;--awb-margin-bottom-large:20px;--awb-spacing-left-large:1.92%;--awb-width-medium:100%;--awb-order-medium:0;--awb-spacing-right-medium:1.92%;--awb-spacing-left-medium:1.92%;--awb-width-small:100%;--awb-order-small:0;--awb-spacing-right-small:1.92%;--awb-spacing-left-small:1.92%;\"><div class=\"fusion-column-wrapper fusion-column-has-shadow fusion-flex-justify-content-flex-start fusion-content-layout-column\"><div class=\"fusion-text fusion-text-18\"><h3><strong>FICHTE <em>(Picea abies Karst.<\/em>)<\/strong><\/h3>\n<\/div><div class=\"fusion-builder-row fusion-builder-row-inner fusion-row fusion-flex-align-items-flex-start fusion-flex-content-wrap\" style=\"--awb-flex-grow:0;--awb-flex-grow-medium:0;--awb-flex-grow-small:0;--awb-flex-shrink:0;--awb-flex-shrink-medium:0;--awb-flex-shrink-small:0;width:104% !important;max-width:104% !important;margin-left: calc(-4% \/ 2 );margin-right: calc(-4% \/ 2 );\"><div class=\"fusion-layout-column fusion_builder_column_inner fusion-builder-nested-column-12 fusion_builder_column_inner_1_3 1_3 fusion-flex-column\" style=\"--awb-bg-size:cover;--awb-width-large:33.333333333333%;--awb-margin-top-large:0px;--awb-spacing-right-large:5.76%;--awb-margin-bottom-large:20px;--awb-spacing-left-large:5.76%;--awb-width-medium:33.333333333333%;--awb-order-medium:0;--awb-spacing-right-medium:5.76%;--awb-spacing-left-medium:5.76%;--awb-width-small:100%;--awb-order-small:0;--awb-spacing-right-small:1.92%;--awb-spacing-left-small:1.92%;\"><div class=\"fusion-column-wrapper fusion-column-has-shadow fusion-flex-justify-content-flex-start fusion-content-layout-column\"><div class=\"fusion-image-element \" style=\"--awb-caption-title-font-family:var(--h2_typography-font-family);--awb-caption-title-font-weight:var(--h2_typography-font-weight);--awb-caption-title-font-style:var(--h2_typography-font-style);--awb-caption-title-size:var(--h2_typography-font-size);--awb-caption-title-transform:var(--h2_typography-text-transform);--awb-caption-title-line-height:var(--h2_typography-line-height);--awb-caption-title-letter-spacing:var(--h2_typography-letter-spacing);\"><span class=\" fusion-imageframe imageframe-none imageframe-7 hover-type-zoomin\"><img decoding=\"async\" width=\"220\" height=\"300\" title=\"smrca-drvo-01\" src=\"https:\/\/www.kolibica.com\/wp-content\/uploads\/2012\/12\/smrca-drvo-01.jpg\" data-orig-src=\"https:\/\/www.kolibica.com\/wp-content\/uploads\/2012\/12\/smrca-drvo-01.jpg\" alt class=\"lazyload img-responsive wp-image-81019\" srcset=\"data:image\/svg+xml,%3Csvg%20xmlns%3D%27http%3A%2F%2Fwww.w3.org%2F2000%2Fsvg%27%20width%3D%27220%27%20height%3D%27300%27%20viewBox%3D%270%200%20220%20300%27%3E%3Crect%20width%3D%27220%27%20height%3D%27300%27%20fill-opacity%3D%220%22%2F%3E%3C%2Fsvg%3E\" data-srcset=\"https:\/\/www.kolibica.com\/wp-content\/uploads\/2012\/12\/smrca-drvo-01-200x273.jpg 200w, https:\/\/www.kolibica.com\/wp-content\/uploads\/2012\/12\/smrca-drvo-01.jpg 220w\" data-sizes=\"auto\" data-orig-sizes=\"(max-width: 640px) 100vw, 220px\" \/><\/span><\/div><\/div><\/div><div class=\"fusion-layout-column fusion_builder_column_inner fusion-builder-nested-column-13 fusion_builder_column_inner_2_3 2_3 fusion-flex-column\" style=\"--awb-bg-size:cover;--awb-width-large:66.666666666667%;--awb-margin-top-large:0px;--awb-spacing-right-large:2.88%;--awb-margin-bottom-large:20px;--awb-spacing-left-large:2.88%;--awb-width-medium:66.666666666667%;--awb-order-medium:0;--awb-spacing-right-medium:2.88%;--awb-spacing-left-medium:2.88%;--awb-width-small:100%;--awb-order-small:0;--awb-spacing-right-small:1.92%;--awb-spacing-left-small:1.92%;\"><div class=\"fusion-column-wrapper fusion-column-has-shadow fusion-flex-justify-content-flex-start fusion-content-layout-column\"><div class=\"fusion-text fusion-text-19\"><p>Die Fichte ist in den Bergen Mittel- und S\u00fcdeuropas verbreitet, im Norden reicht sie bis nach Skandinavien und ihre s\u00fcdliche Grenze bilden die Berge der Balkanhalbinsel. Seine H\u00f6henverteilung reicht von 1500 m\/\u00fc.M. bis etwa 2000 m\/\u00fc.M.<\/p>\n<p>Die Fichte ist immergr\u00fcn und erreicht eine H\u00f6he von 30 bis 50 m. Die L\u00e4nge des Stammes betr\u00e4gt bis zu 20 m und der durchschnittliche Brustdurchmesser bis zu 1,2 m. Der Baldachin ist regelm\u00e4\u00dfig und kegelf\u00f6rmig. Die Zweige sind d\u00fcnn und vertebral angeordnet. Die Zweige an den \u00c4sten sind bis zu 50 cm lang und mehr. Die Rinde des Baumes ist d\u00fcnn, in der Jugend lange glatt und grau, sp\u00e4ter wird sie schuppig und nimmt eine grau-r\u00f6tliche Farbe an. Der Volumenanteil der Rinde betr\u00e4gt ca. 12 %, die Dichte ca. 340 kg\/m3.<\/p>\n<\/div><\/div><\/div><\/div><div class=\"accordian fusion-accordian\" style=\"--awb-border-size:1px;--awb-icon-size:16px;--awb-content-font-size:var(--awb-typography4-font-size);--awb-icon-alignment:left;--awb-hover-color:var(--awb-color2);--awb-border-color:var(--awb-color3);--awb-background-color:var(--awb-color1);--awb-divider-color:var(--awb-color3);--awb-divider-hover-color:var(--awb-color3);--awb-icon-color:var(--awb-color1);--awb-title-color:var(--awb-color8);--awb-content-color:var(--awb-color8);--awb-icon-box-color:var(--awb-color8);--awb-toggle-hover-accent-color:var(--awb-color5);--awb-title-font-family:var(--awb-typography1-font-family);--awb-title-font-weight:var(--awb-typography1-font-weight);--awb-title-font-style:var(--awb-typography1-font-style);--awb-title-font-size:24px;--awb-content-font-family:var(--awb-typography4-font-family);--awb-content-font-weight:var(--awb-typography4-font-weight);--awb-content-font-style:var(--awb-typography4-font-style);\"><div class=\"panel-group fusion-toggle-icon-boxed\" id=\"accordion-83058-7\"><div class=\"fusion-panel panel-default panel-2cf63d84d878ad835 fusion-toggle-has-divider\" style=\"--awb-title-color:var(--awb-color8);--awb-content-color:var(--awb-color8);\"><div class=\"panel-heading\"><h4 class=\"panel-title toggle\" id=\"toggle_2cf63d84d878ad835\"><a aria-expanded=\"false\" aria-controls=\"2cf63d84d878ad835\" role=\"button\" data-toggle=\"collapse\" data-target=\"#2cf63d84d878ad835\" href=\"#2cf63d84d878ad835\"><span class=\"fusion-toggle-icon-wrapper\" aria-hidden=\"true\"><i class=\"fa-fusion-box active-icon fa-caret-up fas\" aria-hidden=\"true\"><\/i><i class=\"fa-fusion-box inactive-icon fa-caret-down fas\" aria-hidden=\"true\"><\/i><\/span><span class=\"fusion-toggle-heading\">Weiterlesen<\/span><\/a><\/h4><\/div><div id=\"2cf63d84d878ad835\" class=\"panel-collapse collapse \" aria-labelledby=\"toggle_2cf63d84d878ad835\"><div class=\"panel-body toggle-content fusion-clearfix\">\n<p>Fichtenholz ist kahl, gelblich-wei\u00df bis br\u00e4unlich-grau und gl\u00e4nzend. Splintholz ist etwas weniger gl\u00e4nzend als altes Holz. Jahresringe sind betont, der \u00dcbergang vom Fr\u00fch- zum Sp\u00e4tholz ist flie\u00dfend. Das Holz enth\u00e4lt Harzkan\u00e4le, die einzeln und meist im Sp\u00e4tholz verteilt sind und mit blo\u00dfem Auge nicht sichtbar sind. Die Holzstreifen sind d\u00fcnn, heterozellig und unsichtbar. Das Holz enth\u00e4lt teilweise gespaltenes Holz, au\u00dferdem treten Fehler in Form von Unregelm\u00e4\u00dfigkeiten im Faserverlauf, Verdrehungen der Fasern oder wellenf\u00f6rmigen Faserlinien am Schnittpunkt mit den Holzstreifen auf.<\/p>\n<p>Die durchschnittliche Dichte von Fichtenholz betr\u00e4gt: im absolut trockenen Zustand der Feuchtigkeit &#8211; 430, im getrockneten Zustand &#8211; 470 und im Rohzustand 800 kg\/m3. Die Fichtenvolumenporosit\u00e4t betr\u00e4gt etwa 71 %. Die linearen Gesamtspannungen von Holz betragen: in axialer Richtung 0,3 %, in radialer Richtung 3,5 bis 3,7 % und in tangentialer Richtung 7,8 bis 8,0 %. Die gesamte volumetrische Gewichtung betr\u00e4gt 11,6 bis 12,0 % und die spezifische volumetrische Gewichtung 0,4 %.<\/p>\n<p>Fichtenholz ist gut geschabt, gehobelt, gebohrt, geschliffen und poliert. Er l\u00e4sst sich leicht drehen und h\u00e4lt N\u00e4gel und Schrauben gut. Es trocknet gut und schnell, neigt aber zu Knitterbildung und Verziehen. Holz klebt gut, l\u00e4sst sich gut beizen, ist aber schwer zu lackieren. Es ist besonders schwer zu impr\u00e4gnieren und bietet wenig Widerstand beim Lackieren mit S\u00e4ure- und Basenlacken.<\/p>\n<p>Fichtenholz wird als Furnierholz, als Baustoff, im Au\u00dfen- und Innenausbau, f\u00fcr Dachkonstruktionen, Wege und Treppen verwendet. Sein besonderer Zweck liegt in der Herstellung von Musikinstrumenten als Resonanzholz, dann in der Herstellung von Holzwolle, B\u00fcrsten, Papier, Zellstoff, dann in der Herstellung von Sp\u00e4nen f\u00fcr Faserplatten, Spanplatten usw.<\/p>\n<\/div><\/div><\/div><\/div><\/div><div class=\"fusion-separator fusion-full-width-sep\" style=\"align-self: center;margin-left: auto;margin-right: auto;flex-grow:10;margin-bottom:40px;width:100%;\"><div class=\"fusion-separator-border sep-single sep-solid\" style=\"--awb-height:20px;--awb-amount:20px;--awb-sep-color:rgba(30,15,5,0.87);border-color:rgba(30,15,5,0.87);border-top-width:1px;\"><\/div><\/div><\/div><\/div><\/div><\/div><div class=\"fusion-fullwidth fullwidth-box fusion-builder-row-10 fusion-flex-container nonhundred-percent-fullwidth non-hundred-percent-height-scrolling\" style=\"--awb-border-radius-top-left:0px;--awb-border-radius-top-right:0px;--awb-border-radius-bottom-right:0px;--awb-border-radius-bottom-left:0px;--awb-flex-wrap:wrap;\" ><div class=\"fusion-builder-row fusion-row fusion-flex-align-items-flex-start fusion-flex-content-wrap\" style=\"max-width:1248px;margin-left: calc(-4% \/ 2 );margin-right: calc(-4% \/ 2 );\"><div class=\"fusion-layout-column fusion_builder_column fusion-builder-column-9 fusion_builder_column_1_1 1_1 fusion-flex-column\" style=\"--awb-bg-size:cover;--awb-width-large:100%;--awb-margin-top-large:0px;--awb-spacing-right-large:1.92%;--awb-margin-bottom-large:20px;--awb-spacing-left-large:1.92%;--awb-width-medium:100%;--awb-order-medium:0;--awb-spacing-right-medium:1.92%;--awb-spacing-left-medium:1.92%;--awb-width-small:100%;--awb-order-small:0;--awb-spacing-right-small:1.92%;--awb-spacing-left-small:1.92%;\"><div class=\"fusion-column-wrapper fusion-column-has-shadow fusion-flex-justify-content-flex-start fusion-content-layout-column\"><div class=\"fusion-text fusion-text-20\"><h3><strong>ESCHE (<em>Fraxinus excelsior L.<\/em>)<\/strong><\/h3>\n<\/div><div class=\"fusion-builder-row fusion-builder-row-inner fusion-row fusion-flex-align-items-flex-start fusion-flex-content-wrap\" style=\"--awb-flex-grow:0;--awb-flex-grow-medium:0;--awb-flex-grow-small:0;--awb-flex-shrink:0;--awb-flex-shrink-medium:0;--awb-flex-shrink-small:0;width:104% !important;max-width:104% !important;margin-left: calc(-4% \/ 2 );margin-right: calc(-4% \/ 2 );\"><div class=\"fusion-layout-column fusion_builder_column_inner fusion-builder-nested-column-14 fusion_builder_column_inner_1_3 1_3 fusion-flex-column\" style=\"--awb-bg-size:cover;--awb-width-large:33.333333333333%;--awb-margin-top-large:0px;--awb-spacing-right-large:5.76%;--awb-margin-bottom-large:20px;--awb-spacing-left-large:5.76%;--awb-width-medium:33.333333333333%;--awb-order-medium:0;--awb-spacing-right-medium:5.76%;--awb-spacing-left-medium:5.76%;--awb-width-small:100%;--awb-order-small:0;--awb-spacing-right-small:1.92%;--awb-spacing-left-small:1.92%;\"><div class=\"fusion-column-wrapper fusion-column-has-shadow fusion-flex-justify-content-flex-start fusion-content-layout-column\"><div class=\"fusion-image-element \" style=\"--awb-caption-title-font-family:var(--h2_typography-font-family);--awb-caption-title-font-weight:var(--h2_typography-font-weight);--awb-caption-title-font-style:var(--h2_typography-font-style);--awb-caption-title-size:var(--h2_typography-font-size);--awb-caption-title-transform:var(--h2_typography-text-transform);--awb-caption-title-line-height:var(--h2_typography-line-height);--awb-caption-title-letter-spacing:var(--h2_typography-letter-spacing);\"><span class=\" fusion-imageframe imageframe-none imageframe-8 hover-type-zoomin\"><img decoding=\"async\" width=\"220\" height=\"300\" title=\"jasen-drvo-01\" src=\"https:\/\/www.kolibica.com\/wp-content\/uploads\/2012\/12\/jasen-drvo-01.jpg\" data-orig-src=\"https:\/\/www.kolibica.com\/wp-content\/uploads\/2012\/12\/jasen-drvo-01.jpg\" alt class=\"lazyload img-responsive wp-image-79411\" srcset=\"data:image\/svg+xml,%3Csvg%20xmlns%3D%27http%3A%2F%2Fwww.w3.org%2F2000%2Fsvg%27%20width%3D%27220%27%20height%3D%27300%27%20viewBox%3D%270%200%20220%20300%27%3E%3Crect%20width%3D%27220%27%20height%3D%27300%27%20fill-opacity%3D%220%22%2F%3E%3C%2Fsvg%3E\" data-srcset=\"https:\/\/www.kolibica.com\/wp-content\/uploads\/2012\/12\/jasen-drvo-01-200x273.jpg 200w, https:\/\/www.kolibica.com\/wp-content\/uploads\/2012\/12\/jasen-drvo-01.jpg 220w\" data-sizes=\"auto\" data-orig-sizes=\"(max-width: 640px) 100vw, 220px\" \/><\/span><\/div><\/div><\/div><div class=\"fusion-layout-column fusion_builder_column_inner fusion-builder-nested-column-15 fusion_builder_column_inner_2_3 2_3 fusion-flex-column\" style=\"--awb-bg-size:cover;--awb-width-large:66.666666666667%;--awb-margin-top-large:0px;--awb-spacing-right-large:2.88%;--awb-margin-bottom-large:20px;--awb-spacing-left-large:2.88%;--awb-width-medium:66.666666666667%;--awb-order-medium:0;--awb-spacing-right-medium:2.88%;--awb-spacing-left-medium:2.88%;--awb-width-small:100%;--awb-order-small:0;--awb-spacing-right-small:1.92%;--awb-spacing-left-small:1.92%;\"><div class=\"fusion-column-wrapper fusion-column-has-shadow fusion-flex-justify-content-flex-start fusion-content-layout-column\"><div class=\"fusion-text fusion-text-21\"><p>Gemeine Esche ist in ganz Europa und in den n\u00f6rdlichen Teilen Kleinasiens verbreitet. Seine H\u00f6henverteilung reicht von 650 m\/\u00fc.M. bis etwa 1400 m\/\u00fc.M. in den Bergen der S\u00fcdalpen.<\/p>\n<p>Die Esche wird 25 bis 35 m hoch und die Stamml\u00e4nge betr\u00e4gt 15-20 m. Bis zu 300 Jahre alte B\u00e4ume erreichen einen Brustdurchmesser von bis zu 1 m. Der Baldachin ist oval und abgerundet. Die \u00c4ste sind dick und meist nach oben gerichtet.<\/p>\n<p>Esche hat in jungen Jahren eine d\u00fcnne, glatte und gr\u00fcnlich-graue Rinde, die sich im Alter gelbgrau verf\u00e4rbt und flach glatt gefurcht wird. Der Volumenanteil der Rinde betr\u00e4gt ca. 13,9 %, die Dichte ca. 457 kg\/m3.<\/p>\n<\/div><\/div><\/div><\/div><div class=\"accordian fusion-accordian\" style=\"--awb-border-size:1px;--awb-icon-size:16px;--awb-content-font-size:var(--awb-typography4-font-size);--awb-icon-alignment:left;--awb-hover-color:var(--awb-color2);--awb-border-color:var(--awb-color3);--awb-background-color:var(--awb-color1);--awb-divider-color:var(--awb-color3);--awb-divider-hover-color:var(--awb-color3);--awb-icon-color:var(--awb-color1);--awb-title-color:var(--awb-color8);--awb-content-color:var(--awb-color8);--awb-icon-box-color:var(--awb-color8);--awb-toggle-hover-accent-color:var(--awb-color5);--awb-title-font-family:var(--awb-typography1-font-family);--awb-title-font-weight:var(--awb-typography1-font-weight);--awb-title-font-style:var(--awb-typography1-font-style);--awb-title-font-size:24px;--awb-content-font-family:var(--awb-typography4-font-family);--awb-content-font-weight:var(--awb-typography4-font-weight);--awb-content-font-style:var(--awb-typography4-font-style);\"><div class=\"panel-group fusion-toggle-icon-boxed\" id=\"accordion-83058-8\"><div class=\"fusion-panel panel-default panel-21db3b1df8f59863c fusion-toggle-has-divider\" style=\"--awb-title-color:var(--awb-color8);--awb-content-color:var(--awb-color8);\"><div class=\"panel-heading\"><h4 class=\"panel-title toggle\" id=\"toggle_21db3b1df8f59863c\"><a aria-expanded=\"false\" aria-controls=\"21db3b1df8f59863c\" role=\"button\" data-toggle=\"collapse\" data-target=\"#21db3b1df8f59863c\" href=\"#21db3b1df8f59863c\"><span class=\"fusion-toggle-icon-wrapper\" aria-hidden=\"true\"><i class=\"fa-fusion-box active-icon fa-caret-up fas\" aria-hidden=\"true\"><\/i><i class=\"fa-fusion-box inactive-icon fa-caret-down fas\" aria-hidden=\"true\"><\/i><\/span><span class=\"fusion-toggle-heading\">Weiterlesen<\/span><\/a><\/h4><\/div><div id=\"21db3b1df8f59863c\" class=\"panel-collapse collapse \" aria-labelledby=\"toggle_21db3b1df8f59863c\"><div class=\"panel-body toggle-content fusion-clearfix\">\n<p>Die Dichte von Eschenholz betr\u00e4gt: im absolut trockenen Zustand &#8211; 650, im getrockneten Zustand &#8211; 690 und im rohen Zustand bis zu 1140 kg\/m3. Die Volumenporosit\u00e4t von Asche betr\u00e4gt 57 %. Die linearen Gesamtspannungen betragen: axial etwa 0,4 %, radial 4,6 bis 5,0 % und tangential 8,0 bis 8,4 %. Die gesamte volumetrische Gewichtung betr\u00e4gt 12,8 bis 13,6 % und die spezifische volumetrische Gewichtung 0,43 bis 0,45 %.<\/p>\n<p>Eschenholz l\u00e4sst sich gut von Hand und maschinell verarbeiten, plant und dreht gut, trocknet und klebt gut. Eschenholz hat im Prinzip eine gute Oberfl\u00e4chenbehandlung, obwohl es schlecht gebeizt ist. Das Holz ist gerade, spaltet sich gut und biegt sich leicht.<\/p>\n<p>Esche wird besonders bei der Herstellung von Schnitt- und Sch\u00e4lfurnieren gesch\u00e4tzt. Es wird zur Herstellung von M\u00f6beln, Parkett, als Konstruktionsholz, f\u00fcr den Au\u00dfen- und Innenbereich verwendet. Der besondere Verwendungszweck von Eschenholz liegt in der Herstellung von Sportger\u00e4ten, dann in der Herstellung von stilvollen M\u00f6beln, im Schiffs-, Waggon-, Flugzeug- und Maschinenbau und in anderen Bereichen.<\/p>\n<\/div><\/div><\/div><\/div><\/div><div class=\"fusion-separator fusion-full-width-sep\" style=\"align-self: center;margin-left: auto;margin-right: auto;flex-grow:10;margin-bottom:40px;width:100%;\"><div class=\"fusion-separator-border sep-single sep-solid\" style=\"--awb-height:20px;--awb-amount:20px;--awb-sep-color:rgba(30,15,5,0.87);border-color:rgba(30,15,5,0.87);border-top-width:1px;\"><\/div><\/div><\/div><\/div><\/div><\/div><div class=\"fusion-fullwidth fullwidth-box fusion-builder-row-11 fusion-flex-container nonhundred-percent-fullwidth non-hundred-percent-height-scrolling\" style=\"--awb-border-radius-top-left:0px;--awb-border-radius-top-right:0px;--awb-border-radius-bottom-right:0px;--awb-border-radius-bottom-left:0px;--awb-flex-wrap:wrap;\" ><div class=\"fusion-builder-row fusion-row fusion-flex-align-items-flex-start fusion-flex-content-wrap\" style=\"max-width:1248px;margin-left: calc(-4% \/ 2 );margin-right: calc(-4% \/ 2 );\"><div class=\"fusion-layout-column fusion_builder_column fusion-builder-column-10 fusion_builder_column_1_1 1_1 fusion-flex-column\" style=\"--awb-bg-size:cover;--awb-width-large:100%;--awb-margin-top-large:0px;--awb-spacing-right-large:1.92%;--awb-margin-bottom-large:20px;--awb-spacing-left-large:1.92%;--awb-width-medium:100%;--awb-order-medium:0;--awb-spacing-right-medium:1.92%;--awb-spacing-left-medium:1.92%;--awb-width-small:100%;--awb-order-small:0;--awb-spacing-right-small:1.92%;--awb-spacing-left-small:1.92%;\"><div class=\"fusion-column-wrapper fusion-column-has-shadow fusion-flex-justify-content-flex-start fusion-content-layout-column\"><div class=\"fusion-text fusion-text-22\"><h3><strong>AKAZIE (<em>Robinia pseudoacacia L.<\/em>)<\/strong><\/h3>\n<\/div><div class=\"fusion-builder-row fusion-builder-row-inner fusion-row fusion-flex-align-items-flex-start fusion-flex-content-wrap\" style=\"--awb-flex-grow:0;--awb-flex-grow-medium:0;--awb-flex-grow-small:0;--awb-flex-shrink:0;--awb-flex-shrink-medium:0;--awb-flex-shrink-small:0;width:104% !important;max-width:104% !important;margin-left: calc(-4% \/ 2 );margin-right: calc(-4% \/ 2 );\"><div class=\"fusion-layout-column fusion_builder_column_inner fusion-builder-nested-column-16 fusion_builder_column_inner_1_3 1_3 fusion-flex-column\" style=\"--awb-bg-size:cover;--awb-width-large:33.333333333333%;--awb-margin-top-large:0px;--awb-spacing-right-large:5.76%;--awb-margin-bottom-large:20px;--awb-spacing-left-large:5.76%;--awb-width-medium:33.333333333333%;--awb-order-medium:0;--awb-spacing-right-medium:5.76%;--awb-spacing-left-medium:5.76%;--awb-width-small:100%;--awb-order-small:0;--awb-spacing-right-small:1.92%;--awb-spacing-left-small:1.92%;\"><div class=\"fusion-column-wrapper fusion-column-has-shadow fusion-flex-justify-content-flex-start fusion-content-layout-column\"><div class=\"fusion-image-element \" style=\"--awb-caption-title-font-family:var(--h2_typography-font-family);--awb-caption-title-font-weight:var(--h2_typography-font-weight);--awb-caption-title-font-style:var(--h2_typography-font-style);--awb-caption-title-size:var(--h2_typography-font-size);--awb-caption-title-transform:var(--h2_typography-text-transform);--awb-caption-title-line-height:var(--h2_typography-line-height);--awb-caption-title-letter-spacing:var(--h2_typography-letter-spacing);\"><span class=\" fusion-imageframe imageframe-none imageframe-9 hover-type-zoomin\"><img decoding=\"async\" width=\"220\" height=\"300\" title=\"bagrem-drvo-01\" src=\"https:\/\/www.kolibica.com\/wp-content\/uploads\/2012\/12\/bagrem-drvo-01.jpg\" data-orig-src=\"https:\/\/www.kolibica.com\/wp-content\/uploads\/2012\/12\/bagrem-drvo-01.jpg\" alt class=\"lazyload img-responsive wp-image-78307\" srcset=\"data:image\/svg+xml,%3Csvg%20xmlns%3D%27http%3A%2F%2Fwww.w3.org%2F2000%2Fsvg%27%20width%3D%27220%27%20height%3D%27300%27%20viewBox%3D%270%200%20220%20300%27%3E%3Crect%20width%3D%27220%27%20height%3D%27300%27%20fill-opacity%3D%220%22%2F%3E%3C%2Fsvg%3E\" data-srcset=\"https:\/\/www.kolibica.com\/wp-content\/uploads\/2012\/12\/bagrem-drvo-01-200x273.jpg 200w, https:\/\/www.kolibica.com\/wp-content\/uploads\/2012\/12\/bagrem-drvo-01.jpg 220w\" data-sizes=\"auto\" data-orig-sizes=\"(max-width: 640px) 100vw, 220px\" \/><\/span><\/div><\/div><\/div><div class=\"fusion-layout-column fusion_builder_column_inner fusion-builder-nested-column-17 fusion_builder_column_inner_2_3 2_3 fusion-flex-column\" style=\"--awb-bg-size:cover;--awb-width-large:66.666666666667%;--awb-margin-top-large:0px;--awb-spacing-right-large:2.88%;--awb-margin-bottom-large:20px;--awb-spacing-left-large:2.88%;--awb-width-medium:66.666666666667%;--awb-order-medium:0;--awb-spacing-right-medium:2.88%;--awb-spacing-left-medium:2.88%;--awb-width-small:100%;--awb-order-small:0;--awb-spacing-right-small:1.92%;--awb-spacing-left-small:1.92%;\"><div class=\"fusion-column-wrapper fusion-column-has-shadow fusion-flex-justify-content-flex-start fusion-content-layout-column\"><div class=\"fusion-text fusion-text-23\"><p>Die Akazie wurde Anfang des 17. Jahrhunderts nach Europa gebracht und hat heute ihr Verbreitungsgebiet in Europa, Nordafrika und Neuseeland. Der Baum erreicht eine H\u00f6he von bis zu 25 m, eine Stamml\u00e4nge von bis zu 10 m und einen Brustdurchmesser von etwa 0,8 m. Die Krone ist sp\u00e4rlich, steht der Baum frei, ist er rund, steht er in einem Stand, ist er in der Regel l\u00e4nglich.<\/p>\n<p>Die Rinde der Akazie ist in jungen Jahren glatt und grau, sp\u00e4ter wird sie dicker und nimmt eine graubraune Farbe mit L\u00e4ngsrissen an. Der Volumenanteil der Rinde betr\u00e4gt bis zu 10 %.<\/p>\n<p>Akazie ist eine Laubbaumart. Der Splint ist sehr schmal (3 bis 6 Jahrringe). Wachstumsringe sind auff\u00e4llig. Luftr\u00f6hren sind in Form von Ringen angeordnet. Der Farbkontrast zwischen dunklem Sp\u00e4t- und hellem Fr\u00fchholz ist gro\u00df. Tracheen des Fr\u00fchholzes sind normalerweise von Parenchym umgeben und sp\u00e4ter mit Gewebe gef\u00fcllt, das mit blo\u00dfem Auge in Quer- und L\u00e4ngsschnitten sichtbar ist. Holzb\u00e4nder sind d\u00fcnn und niedrig, homozellig, seltener heterozellig und auf axialen Schnitten sichtbar.<\/p>\n<\/div><\/div><\/div><\/div><div class=\"accordian fusion-accordian\" style=\"--awb-border-size:1px;--awb-icon-size:16px;--awb-content-font-size:var(--awb-typography4-font-size);--awb-icon-alignment:left;--awb-hover-color:var(--awb-color2);--awb-border-color:var(--awb-color3);--awb-background-color:var(--awb-color1);--awb-divider-color:var(--awb-color3);--awb-divider-hover-color:var(--awb-color3);--awb-icon-color:var(--awb-color1);--awb-title-color:var(--awb-color8);--awb-content-color:var(--awb-color8);--awb-icon-box-color:var(--awb-color8);--awb-toggle-hover-accent-color:var(--awb-color5);--awb-title-font-family:var(--awb-typography1-font-family);--awb-title-font-weight:var(--awb-typography1-font-weight);--awb-title-font-style:var(--awb-typography1-font-style);--awb-title-font-size:24px;--awb-content-font-family:var(--awb-typography4-font-family);--awb-content-font-weight:var(--awb-typography4-font-weight);--awb-content-font-style:var(--awb-typography4-font-style);\"><div class=\"panel-group fusion-toggle-icon-boxed\" id=\"accordion-83058-9\"><div class=\"fusion-panel panel-default panel-9c3c7c047995bc4ef fusion-toggle-has-divider\" style=\"--awb-title-color:var(--awb-color8);--awb-content-color:var(--awb-color8);\"><div class=\"panel-heading\"><h4 class=\"panel-title toggle\" id=\"toggle_9c3c7c047995bc4ef\"><a aria-expanded=\"false\" aria-controls=\"9c3c7c047995bc4ef\" role=\"button\" data-toggle=\"collapse\" data-target=\"#9c3c7c047995bc4ef\" href=\"#9c3c7c047995bc4ef\"><span class=\"fusion-toggle-icon-wrapper\" aria-hidden=\"true\"><i class=\"fa-fusion-box active-icon fa-caret-up fas\" aria-hidden=\"true\"><\/i><i class=\"fa-fusion-box inactive-icon fa-caret-down fas\" aria-hidden=\"true\"><\/i><\/span><span class=\"fusion-toggle-heading\">Weiterlesen<\/span><\/a><\/h4><\/div><div id=\"9c3c7c047995bc4ef\" class=\"panel-collapse collapse \" aria-labelledby=\"toggle_9c3c7c047995bc4ef\"><div class=\"panel-body toggle-content fusion-clearfix\">\n<p>Die Dichte von Akazienholz betr\u00e4gt: im absolut trockenen Zustand der Feuchtigkeit &#8211; 740, im getrockneten Zustand &#8211; 770 und im rohen Zustand 900 kg\/m3. Der Volumenanteil der Poren betr\u00e4gt ca. 52 %. Die gesamten linearen Spannungen von Akazienholz betragen: in axialer Richtung 0,1 %, in radialer Richtung 4,4 %, in tangentialer Richtung etwa 6,9 %. Das Gesamtvolumengewicht von Holz betr\u00e4gt 11,4 bis 12,2%. Das spezifische Volumengewicht betr\u00e4gt ca. 0,4 % pro 1 % hygroskopischer Feuchtigkeit.<\/p>\n<p>Akazienholz l\u00e4sst sich gut bearbeiten, drehen und schneiden. H\u00e4lt N\u00e4gel und Schrauben gut. Das Trocknen von Akazie sollte langsam erfolgen, da es anf\u00e4llig f\u00fcr Blasen, Verwerfungen und Risse ist. Akazie haftet gut, aber es ist mehr Druck erforderlich. Das Holz ist gut oberfl\u00e4chenbehandelt und lackiert. Die Haltbarkeit von Akazienholz ist gro\u00dfartig.<\/p>\n<p>Akazienholz wird f\u00fcr Z\u00e4une, Weinbergpf\u00e4hle, zum Drechseln, zur Herstellung von M\u00f6beln, Parkett, Treppen, aufgrund der hohen Schlagspannung zur Herstellung von Werkzeughaltern, dann zur Herstellung von Grubenholz, Holzf\u00e4ssern u f\u00fcr verschiedene andere Produkte.<\/p>\n<\/div><\/div><\/div><\/div><\/div><div class=\"fusion-separator fusion-full-width-sep\" style=\"align-self: center;margin-left: auto;margin-right: auto;flex-grow:10;margin-bottom:40px;width:100%;\"><div class=\"fusion-separator-border sep-single sep-solid\" style=\"--awb-height:20px;--awb-amount:20px;--awb-sep-color:rgba(30,15,5,0.87);border-color:rgba(30,15,5,0.87);border-top-width:1px;\"><\/div><\/div><\/div><\/div><\/div><\/div><div class=\"fusion-fullwidth fullwidth-box fusion-builder-row-12 fusion-flex-container nonhundred-percent-fullwidth non-hundred-percent-height-scrolling\" style=\"--awb-border-radius-top-left:0px;--awb-border-radius-top-right:0px;--awb-border-radius-bottom-right:0px;--awb-border-radius-bottom-left:0px;--awb-flex-wrap:wrap;\" ><div class=\"fusion-builder-row fusion-row fusion-flex-align-items-flex-start fusion-flex-content-wrap\" style=\"max-width:1248px;margin-left: calc(-4% \/ 2 );margin-right: calc(-4% \/ 2 );\"><div class=\"fusion-layout-column fusion_builder_column fusion-builder-column-11 fusion_builder_column_1_1 1_1 fusion-flex-column\" style=\"--awb-bg-size:cover;--awb-width-large:100%;--awb-margin-top-large:0px;--awb-spacing-right-large:1.92%;--awb-margin-bottom-large:20px;--awb-spacing-left-large:1.92%;--awb-width-medium:100%;--awb-order-medium:0;--awb-spacing-right-medium:1.92%;--awb-spacing-left-medium:1.92%;--awb-width-small:100%;--awb-order-small:0;--awb-spacing-right-small:1.92%;--awb-spacing-left-small:1.92%;\"><div class=\"fusion-column-wrapper fusion-column-has-shadow fusion-flex-justify-content-flex-start fusion-content-layout-column\"><div class=\"fusion-text fusion-text-24\"><h3><strong>EICHE ORNET (<em>Quercus petraea<\/em>)<\/strong><\/h3>\n<\/div><div class=\"fusion-builder-row fusion-builder-row-inner fusion-row fusion-flex-align-items-flex-start fusion-flex-content-wrap\" style=\"--awb-flex-grow:0;--awb-flex-grow-medium:0;--awb-flex-grow-small:0;--awb-flex-shrink:0;--awb-flex-shrink-medium:0;--awb-flex-shrink-small:0;width:104% !important;max-width:104% !important;margin-left: calc(-4% \/ 2 );margin-right: calc(-4% \/ 2 );\"><div class=\"fusion-layout-column fusion_builder_column_inner fusion-builder-nested-column-18 fusion_builder_column_inner_1_3 1_3 fusion-flex-column\" style=\"--awb-bg-size:cover;--awb-width-large:33.333333333333%;--awb-margin-top-large:0px;--awb-spacing-right-large:5.76%;--awb-margin-bottom-large:20px;--awb-spacing-left-large:5.76%;--awb-width-medium:33.333333333333%;--awb-order-medium:0;--awb-spacing-right-medium:5.76%;--awb-spacing-left-medium:5.76%;--awb-width-small:100%;--awb-order-small:0;--awb-spacing-right-small:1.92%;--awb-spacing-left-small:1.92%;\"><div class=\"fusion-column-wrapper fusion-column-has-shadow fusion-flex-justify-content-flex-start fusion-content-layout-column\"><div class=\"fusion-image-element \" style=\"--awb-caption-title-font-family:var(--h2_typography-font-family);--awb-caption-title-font-weight:var(--h2_typography-font-weight);--awb-caption-title-font-style:var(--h2_typography-font-style);--awb-caption-title-size:var(--h2_typography-font-size);--awb-caption-title-transform:var(--h2_typography-text-transform);--awb-caption-title-line-height:var(--h2_typography-line-height);--awb-caption-title-letter-spacing:var(--h2_typography-letter-spacing);\"><span class=\" fusion-imageframe imageframe-none imageframe-10 hover-type-zoomin\"><img decoding=\"async\" width=\"220\" height=\"300\" title=\"hrast-drvo-01\" src=\"https:\/\/www.kolibica.com\/wp-content\/uploads\/2012\/12\/hrast-drvo-01.jpg\" data-orig-src=\"https:\/\/www.kolibica.com\/wp-content\/uploads\/2012\/12\/hrast-drvo-01.jpg\" alt class=\"lazyload img-responsive wp-image-79387\" srcset=\"data:image\/svg+xml,%3Csvg%20xmlns%3D%27http%3A%2F%2Fwww.w3.org%2F2000%2Fsvg%27%20width%3D%27220%27%20height%3D%27300%27%20viewBox%3D%270%200%20220%20300%27%3E%3Crect%20width%3D%27220%27%20height%3D%27300%27%20fill-opacity%3D%220%22%2F%3E%3C%2Fsvg%3E\" data-srcset=\"https:\/\/www.kolibica.com\/wp-content\/uploads\/2012\/12\/hrast-drvo-01-200x273.jpg 200w, https:\/\/www.kolibica.com\/wp-content\/uploads\/2012\/12\/hrast-drvo-01.jpg 220w\" data-sizes=\"auto\" data-orig-sizes=\"(max-width: 640px) 100vw, 220px\" \/><\/span><\/div><\/div><\/div><div class=\"fusion-layout-column fusion_builder_column_inner fusion-builder-nested-column-19 fusion_builder_column_inner_2_3 2_3 fusion-flex-column\" style=\"--awb-bg-size:cover;--awb-width-large:66.666666666667%;--awb-margin-top-large:0px;--awb-spacing-right-large:2.88%;--awb-margin-bottom-large:20px;--awb-spacing-left-large:2.88%;--awb-width-medium:66.666666666667%;--awb-order-medium:0;--awb-spacing-right-medium:2.88%;--awb-spacing-left-medium:2.88%;--awb-width-small:100%;--awb-order-small:0;--awb-spacing-right-small:1.92%;--awb-spacing-left-small:1.92%;\"><div class=\"fusion-column-wrapper fusion-column-has-shadow fusion-flex-justify-content-flex-start fusion-content-layout-column\"><div class=\"fusion-text fusion-text-25\"><p>Ziereiche\u00a0ist ein Baum aus der Familie der Eichengew\u00e4chse, Familie der Fagaceae. Andere popul\u00e4re Namen f\u00fcr Kitnjak aus Eiche sind brdnjak, gorun, beljik, \u010drepinjak, graden, \u0161tilik.<\/p>\n<p>Die Ziereiche erreicht eine H\u00f6he von 40 Metern und einen Brustdurchmesser von 1 bis 3 m. Die Rinde des Baumes ist viel d\u00fcnner und flacher zerkl\u00fcftet als die der Eiche. Knospen sind braun, kahl, konisch zugespitzt. Die Bl\u00e4tter sind 8 bis 12 Zentimeter lang, umgekehrt eif\u00f6rmig gelappt, an der Unterseite entlang der Mittelrippe weniger behaart. Der Blattstiel ist 1 bis 3 cm lang. Die Frucht ist eine Eichel, k\u00fcrzer und dicker als die Eichel der Stieleiche, einheitlich hellgelb gef\u00e4rbt. Sie hat eine weniger \u00fcppige Krone als die Eiche. Eichen-Eicheln wachsen in Gruppen von 2 bis 5.<\/p>\n<p>Es kommt nicht auf nassen B\u00f6den vor, es w\u00e4chst schlecht auf Kalksubstrat, es ist acidophil. Seine W\u00e4lder wurden weitgehend f\u00fcr die Landwirtschaft gerodet. Es ist eine heliophile Art, resistent gegen Staub und Luftverschmutzung. Sein Holz ist von sehr hoher Qualit\u00e4t. Sie w\u00e4chst in W\u00e4ldern bis zu einem Alter von 120 Jahren. Dies ist seine optimale Reife. Die physiologische Reife betr\u00e4gt bis zu 1000 Jahre.<\/p>\n<\/div><\/div><\/div><\/div><div class=\"accordian fusion-accordian\" style=\"--awb-border-size:1px;--awb-icon-size:16px;--awb-content-font-size:var(--awb-typography4-font-size);--awb-icon-alignment:left;--awb-hover-color:var(--awb-color2);--awb-border-color:var(--awb-color3);--awb-background-color:var(--awb-color1);--awb-divider-color:var(--awb-color3);--awb-divider-hover-color:var(--awb-color3);--awb-icon-color:var(--awb-color1);--awb-title-color:var(--awb-color8);--awb-content-color:var(--awb-color8);--awb-icon-box-color:var(--awb-color8);--awb-toggle-hover-accent-color:var(--awb-color5);--awb-title-font-family:var(--awb-typography1-font-family);--awb-title-font-weight:var(--awb-typography1-font-weight);--awb-title-font-style:var(--awb-typography1-font-style);--awb-title-font-size:24px;--awb-content-font-family:var(--awb-typography4-font-family);--awb-content-font-weight:var(--awb-typography4-font-weight);--awb-content-font-style:var(--awb-typography4-font-style);\"><div class=\"panel-group fusion-toggle-icon-boxed\" id=\"accordion-83058-10\"><div class=\"fusion-panel panel-default panel-082e770a6dd9e87d1 fusion-toggle-has-divider\" style=\"--awb-title-color:var(--awb-color8);--awb-content-color:var(--awb-color8);\"><div class=\"panel-heading\"><h4 class=\"panel-title toggle\" id=\"toggle_082e770a6dd9e87d1\"><a aria-expanded=\"false\" aria-controls=\"082e770a6dd9e87d1\" role=\"button\" data-toggle=\"collapse\" data-target=\"#082e770a6dd9e87d1\" href=\"#082e770a6dd9e87d1\"><span class=\"fusion-toggle-icon-wrapper\" aria-hidden=\"true\"><i class=\"fa-fusion-box active-icon fa-caret-up fas\" aria-hidden=\"true\"><\/i><i class=\"fa-fusion-box inactive-icon fa-caret-down fas\" aria-hidden=\"true\"><\/i><\/span><span class=\"fusion-toggle-heading\">Weiterlesen<\/span><\/a><\/h4><\/div><div id=\"082e770a6dd9e87d1\" class=\"panel-collapse collapse \" aria-labelledby=\"toggle_082e770a6dd9e87d1\"><div class=\"panel-body toggle-content fusion-clearfix\">\n<p>Die Ziereiche w\u00e4chst in den h\u00fcgeligen und bergigen Gebieten Mittel- und S\u00fcdeuropas sowie Westasiens. Sie ist in West-, Mittel- und teilweise Osteuropa weit verbreitet. Die Reichweitengrenze im Norden liegt bei bis zu 60\u00b0. Die Ostgrenze ist eine Linie von S\u00fcdschweden \u00fcber Polen und die Ukraine bis zum Schwarzen Meer, die S\u00fcdgrenze durch Nordgriechenland und Spanien und die Westgrenze durch den kontinentalen Teil Frankreichs bis nach Irland im Nordwesten.<\/p>\n<p>Die Rinde des Stammes ist hellgrau, ziemlich dick, tief l\u00e4ngs und quer flach zerkl\u00fcftet. Der durchschnittliche Rindenanteil liegt bei etwa 19,3 %, die Dichte bei etwa 425 kg\/m3.<\/p>\n<p>Das Eichenholz ist faserig, der Splint gelblich-wei\u00df, schmal, das Kernholz gelblich-braun. Das Eichenholz ist fein, gl\u00e4nzend, manchmal mit einer unregelm\u00e4\u00dfigen Textur, mit dem Aussehen von gl\u00e4nzenden und mattierten Fasern. Die Jahrringe sind auff\u00e4llig, die Luftr\u00f6hren ringporig, die Holzstreifen sehr gro\u00df.<\/p>\n<p>Die Dichte der Eiche betr\u00e4gt: im absolut trockenen Zustand &#8211; 650, im getrockneten Zustand &#8211; 690 und im rohen Feuchtigkeitszustand bis zu 1150 kg\/m3. Die Porosit\u00e4t von Eichenholz betr\u00e4gt etwa 57 %. Die linearen Spannungen von Eiche betragen: axial 0,4 %, radial 3,5 bis 4,7 % und tangential 7,7 bis 10,0 %. Das Gesamtvolumengewicht der Eiche betr\u00e4gt 12,2 bis 15,0 %. Das spezifische Volumengewicht von Eichenholz bei 1 % hygroskopischer Feuchtigkeit betr\u00e4gt etwa 0,45 %.<\/p>\n<p>Eiche l\u00e4sst sich im Allgemeinen gut verarbeiten. Die optimale Bewegungsgeschwindigkeit der Klinge beim Schneiden und Sch\u00e4len betr\u00e4gt etwa 33 m\/s. Eichenholz h\u00e4lt N\u00e4gel und Schrauben. Es trocknet im Allgemeinen gut, obwohl es aufgrund des Auftretens von Kollaps und Rissen ein langsames Trocknen erfordert. Eiche haftet im Allgemeinen gut, obwohl Flecken auf den geklebten Oberfl\u00e4chen auftreten k\u00f6nnen. Es l\u00e4sst sich gut beizen, lackieren und bemalen. W\u00e4hrend der Verarbeitung kann es zu Korrosion der zur Verarbeitung von Eichenholz verwendeten Werkzeugen kommen.<\/p>\n<p>Eiche ist ein hochgesch\u00e4tztes technisches Holz und hat ein sehr breites Anwendungsspektrum. Es wird zur Herstellung von Eisenbahnschwellen, im Schiffsbau, im Bauwesen, in der Zimmerei, in der M\u00f6belindustrie, dann zur Herstellung von Furnier und Parkett, f\u00fcr Grubenholz, dann als Gerbholz, zur Herstellung von Holzf\u00e4ssern, als Brennholz u Holz zum Bekohlen.<\/p>\n<\/div><\/div><\/div><\/div><\/div><div class=\"fusion-separator fusion-full-width-sep\" style=\"align-self: center;margin-left: auto;margin-right: auto;flex-grow:10;margin-bottom:40px;width:100%;\"><div class=\"fusion-separator-border sep-single sep-solid\" style=\"--awb-height:20px;--awb-amount:20px;--awb-sep-color:rgba(30,15,5,0.87);border-color:rgba(30,15,5,0.87);border-top-width:1px;\"><\/div><\/div><\/div><\/div><\/div><\/div><\/p>\n","protected":false},"excerpt":{"rendered":"","protected":false},"author":2,"featured_media":0,"parent":0,"menu_order":0,"comment_status":"closed","ping_status":"closed","template":"","meta":{"content-type":"","footnotes":""},"class_list":["post-83058","page","type-page","status-publish","hentry"],"aioseo_notices":[],"_links":{"self":[{"href":"https:\/\/www.kolibica.com\/de\/wp-json\/wp\/v2\/pages\/83058","targetHints":{"allow":["GET"]}}],"collection":[{"href":"https:\/\/www.kolibica.com\/de\/wp-json\/wp\/v2\/pages"}],"about":[{"href":"https:\/\/www.kolibica.com\/de\/wp-json\/wp\/v2\/types\/page"}],"author":[{"embeddable":true,"href":"https:\/\/www.kolibica.com\/de\/wp-json\/wp\/v2\/users\/2"}],"replies":[{"embeddable":true,"href":"https:\/\/www.kolibica.com\/de\/wp-json\/wp\/v2\/comments?post=83058"}],"version-history":[{"count":0,"href":"https:\/\/www.kolibica.com\/de\/wp-json\/wp\/v2\/pages\/83058\/revisions"}],"wp:attachment":[{"href":"https:\/\/www.kolibica.com\/de\/wp-json\/wp\/v2\/media?parent=83058"}],"curies":[{"name":"wp","href":"https:\/\/api.w.org\/{rel}","templated":true}]}}